{"id":353,"date":"2018-08-14T12:05:09","date_gmt":"2018-08-14T10:05:09","guid":{"rendered":"https:\/\/www.fischer-stgb.de\/fischer\/?page_id=353"},"modified":"2025-04-22T13:01:39","modified_gmt":"2025-04-22T11:01:39","slug":"schriftenverzeichnis","status":"publish","type":"page","link":"https:\/\/www.fischer-stgb.de\/fischer\/schriftenverzeichnis\/","title":{"rendered":"Ver\u00f6ffentlichungs-Verzeichnis"},"content":{"rendered":"\n<h3 class=\"wp-block-heading\" id=\"Monographien\">I. Monographien<\/h3>\n\n\n\n<ol class=\"wp-block-list\">\n<li><strong>\u00d6ffentlicher Friede und Gedanken\u00e4u\u00dferung.<\/strong><br>Grundlagen und Entwicklung des Rechtsguts \u201e\u00d6ffentlicher Friede\u201c,<br>insbesondere in den \u00a7\u00a7 126, 130, 140 Nr. 2, 166 StGB. Dissertation Uni W\u00fcrzburg, 1986<\/li>\n\n\n\n<li><strong>Im Recht. (Ausgew\u00e4hlte Kolumnen aus ZEIT-ONLINE)<\/strong><br>2016, Verlag Droemer Knaur, M\u00fcnchen. (3. Auflage 2017), ISBN 978-3-426-27685-3<\/li>\n\n\n\n<li><strong>Richter-Spr\u00fcche\u00a0(Gedanken und Formulierungen aus 118 Kolumnen)<\/strong><br>Verlag Droemer, M\u00fcnchen 2017, ISBN 978-3-426-27727-8 3. (3. Aufl. 2019)<br><a href=\"https:\/\/www.fischer-stgb.de\/fischer\/wp-content\/uploads\/2015\/11\/Richter-Spr\u00fcche_Werbung.pdf\" target=\"_blank\" rel=\"noopener noreferrer\">Weitere Informationen<\/a><br><a href=\"https:\/\/www.fischer-stgb.de\/fischer\/wp-content\/uploads\/2015\/11\/Richter-Sprueche-Cover-Bauchbinde.pdf\" target=\"_blank\" rel=\"noopener noreferrer\">Cover<\/a><\/li>\n\n\n\n<li><strong>\u00dcber das Strafen. Recht und Sicherheit in der demokratischen Gesellschaft.<\/strong><br>2018, Droemer Verlag M\u00fcnchen (ISBN 978-3-426-276687-7)<br>Lizenzausgabe der Bundeszentrale f\u00fcr Politische Bildung, 2019, BOB Bd. 10465,<br>ISBN 978-3-7425-0465-4<br>Chinesische \u00dcbersetzung: Erscheint im Sommer 2022 im Universit\u00e4ts-Verlag Peking <br><a href=\"https:\/\/www.fischer-stgb.de\/fischer\/wp-content\/uploads\/2018\/08\/\u00dcber-das-Strafen_Droemer.pdf\" target=\"_blank\" rel=\"noopener noreferrer\">Weitere Informationen<\/a><\/li>\n\n\n\n<li><strong>Sex &amp; Crime. \u00dcber Intimit\u00e4t, Moral und Strafrecht<\/strong><br>Droemer Verlag M\u00fcnchen, 2021<br>ISBN 978-3-426-27843-7<br><a href=\"https:\/\/www.fischer-stgb.de\/fischer\/wp-content\/uploads\/2021\/01\/FISCHER-Vorschau.pdf\" target=\"_blank\" rel=\"noopener\">Weitere Informationen<\/a><\/li>\n\n\n\n<li><strong>Recht Haben.<\/strong> Vermischtes aus der Welt des Strafrechts. (Kolumnenauswahl 2018 bis 2021). Droemer Verlag M\u00fcnchen, 2022. <br>ISBN 978-3-416-27885-7<br><a href=\"https:\/\/www.fischer-stgb.de\/fischer\/wp-content\/uploads\/2021\/01\/FISCHER-Vorschau.pdf\" target=\"_blank\" rel=\"noopener\">Weitere Informationen<\/a><\/li>\n<\/ol>\n\n\n\n<h3 class=\"wp-block-heading\" id=\"Kommentare\">&nbsp;II. Kommentare<\/h3>\n\n\n\n<ol class=\"wp-block-list\">\n<li>\u00a0<strong>Karlsruher Kommentar zur Strafprozessordnung<\/strong><br>(Hrsg. 1. bis 5. Auflage: Pfeiffer; ab 6. Auflage: Hannich),<br>Bearbeitungen:<br>3. Auflage 1993: \u00a7\u00a7 407 bis 416 (Strafbefehlsverfahren; Sicherungsverfahren) \u00a7\u00a7 449 bis 463 d (Strafvollstreckung); Sachverzeichnis<br>4. Auflage 1999,\u00a0Bearbeitung: wie 3. Aufl.<br>5. Auflage 2003,\u00a0Bearbeitung: wie 3. Aufl.<br>6. Auflage 2008: \u00a7\u00a7 1 bis 31a StPO (Zust\u00e4ndigkeit; Ausschlie\u00dfung von Gerichtspersonen) \u00a7\u00a7 244 bis 246a StPO (Beweisantragsrecht)<br>7. Auflage 2013: Einleitung vor \u00a7 1 (S. 1-101)<br>8. Auflage 2019: Einleitung<br>9. Auflage 2023: Einleitung\u00a0<\/li>\n\n\n\n<li>\u00a0<strong>Pfeiffer \/ Fischer, Strafprozessordnung. Kommentar<\/strong><br>M\u00fcnchen 1995; Bearbeitung: \u00a7\u00a7 209 bis 477<\/li>\n\n\n\n<li><strong>Strafgesetzbuch und Nebengesetze. Kommentar<\/strong><br>(Beck\u2019sche Kurzkommentare, Bd. 10)<br>49. Auflage Bearbeitung \u00a7\u00a7 61 bis 181c, 253 bis 358<br>50. bis 71. Auflage Alleinbearbeitung:<br>50. Auflage 2001<br>51. Auflage 2003<br>52. Auflage 2004<br>53. Auflage 2006<br>54. Auflage 2007<br>55. Auflage 2008<br>56. Auflage 2009<br>57. Auflage 2010<br>58. Auflage 2011<br>59. Auflage 2012<br>60. Auflage 2013<br>61. Auflage 2014<br>62.Auflage 2015<br>63. Auflage 2016<br>64. Auflage 2017<br>65. Auflage 2018<br>66.\u00a0Auflage 2019<br>67. Auflage 2020<br>68. Auflage 2021<br>69. Auflage 2022<br>70. Auflage 2023\u00a0<br>71. Auflage 2024<br>72. Auflage 2025, bearb. von Fischer, Anst\u00f6tz, Lutz<br>73. Auflage 2026 erscheint im Dezember 2025<\/li>\n<\/ol>\n\n\n\n<h3 class=\"wp-block-heading\" id=\"Aufsaetze\">III. Aufs\u00e4tze und Buchbeitr\u00e4ge<\/h3>\n\n\n\n<ol class=\"wp-block-list\">\n<li>Die Eignung, den \u00f6ffentlichen Frieden zu st\u00f6ren<br>Neue Zeitschrift f\u00fcr Strafrecht (NStZ) 1988, S. 159 \u2013 165<\/li>\n\n\n\n<li>\u201eErschleichen\u201c der Bef\u00f6rderung bei freiem Zugang?<br>Neue Juristische Wochenschrift (NJW) 1988, S. 1828 \u2013 1829<\/li>\n\n\n\n<li>Das Verh\u00e4ltnis der Bekenntnisbeschimpfung (\u00a7 166 StGB) zur\u00a0Volksverhetzung (\u00a7 130 StGB)<br>Goltdammer\u2019s Archiv f\u00fcr Strafrecht (GA) 1989, S. 445 \u2013 468<\/li>\n\n\n\n<li>Sind Beh\u00f6rden beleidigungsf\u00e4hig?<br>Juristenzeitung (JZ) 1990, S. 68 \u2013 75<\/li>\n\n\n\n<li>Anrechnung von Drogentherapien auf Freiheitsstrafen von mehr als zwei\u00a0Jahren?<br>Zur Auslegung von \u00a7 36 Abs. 1 BtMG<br>Strafverteidiger (StV) 1991, S. 237 \u2013 239<\/li>\n\n\n\n<li>Vorwegvollzug der Strafe (\u00a7 67 Abs. 2 StGB) mit unbestimmter Dauer?<br>NStZ 1991, S. 324 \u2013 325<\/li>\n\n\n\n<li>Tatprovozierendes Verhalten als polizeiliche Ermittlungsma\u00dfnahme<br>(zusammen mit Heinrich Maul),<br>NStZ 1992, S. 7 \u2013 13<\/li>\n\n\n\n<li>Die Fortwirkung von Zeugnisverweigerungsrechten nach Verfahrenstrennung.<br>Zum Begriff des Beschuldigten in \u00a7 52 Abs. 1 StPO,<br>JZ 1992, S. 570 \u2013 575<\/li>\n\n\n\n<li>Entwicklungslinien der fortgesetzten Handlung. \u201eTatbestand\u201c und \u201eTypus\u201c in der Rechtsprechung des Bundesgerichtshofs,<br>NStZ 1992, S. 415 \u2013 422<\/li>\n\n\n\n<li>Glaubw\u00fcrdigkeit aus Glaubw\u00fcrdigkeit.<br>Zur Abgrenzung von Zirkelschlu\u00df und erlaubter Beweisw\u00fcrdigung,<br>StV 1993, S. 670 \u2013 672<\/li>\n\n\n\n<li>Glaubw\u00fcrdigkeitsbeurteilung und Beweisw\u00fcrdigung.<br>Von der Last der \u201eureigenen Aufgabe\u201c,<br>NStZ 1994, S. 1 \u2013 5<br>&#8211; Spanische \u00dcbersetzung:<br>An\u00e1lisis de credibilidat y valoraci\u00f3n de la prueba. Acerca de la carga de la \u201afunc\u00f3n especifica\u201c, Rivista de Derecho Penal y Procecal Penal (Buenos Aires, Arg.), Heft 9\/2011, S. 1527 \u2013 1534<\/li>\n\n\n\n<li>Die \u201eBegleiterscheinung\u201c beim Verdeckungs- und Erm\u00f6glichungsmord,<br>NStZ 1996, S. 416 \u2013 419<\/li>\n\n\n\n<li>Rechtsmissbrauch und \u00dcberforderung der Justiz,<br>NStZ 1997, S. 212 \u2013 217<\/li>\n\n\n\n<li>Der Strafprozess in den neuen Bundesl\u00e4ndern. Entwicklungen und Tendenzen,<br>StrafverteidigerForum (StraFo) 1997, S. 321 \u2013 325<\/li>\n\n\n\n<li>Empfehlen sich gesetzliche \u00c4nderungen, um Zeugen und andere nicht beschuldigte Personen im Strafprozess besser vor Nachteilen zu bewahren?<br>Zum strafrechtlichen Thema des 62. Deutschen Juristentags,<br>JZ 1998, S. 816 \u2013 822<\/li>\n\n\n\n<li>Strafrahmenr\u00e4tsel im 6. Strafrechtsreformgesetz.<br>Zur Auslegung der \u00a7\u00a7 306 ff. StGB,<br>NStZ 1999, S. 13 \u2013 14<\/li>\n\n\n\n<li>Zur Notwendigkeit richterlicher Anordnung molekulargenetischer Untersuchungen<br>(zusammen mit Wolfgang Sprenger),<br>NJW 1999, S. 1830 \u2013 1834<\/li>\n\n\n\n<li>S\u00e4chsisches Modell zur verbesserten Verfolgung des Ladendiebstahls<br>(zusammen mit Wolfgang Sprenger),<br>Deutsche Richterzeitung (DRiZ) 2000, S. 111 \u2013 117<\/li>\n\n\n\n<li>Sexuelle Selbstbestimmung in Schutzloser Lage.<br>Zum Anwendungsbereich von \u00a7 177 Abs. 1 Nr. 3 StGB,<br>Zeitschrift f\u00fcr die gesamten Strafrechtswissenschaften (ZStW) Bd. 112 (2000), S. 75 \u2013 105<\/li>\n\n\n\n<li>\u201eS\u00e4chsisches Modell\u201c zur Verfolgung des Ladendiebstahls. Eine Zwischenbilanz<br>(zusammen mit Wolfgang Sprenger),<br>Zeitschrift f\u00fcr Rechtspolitik (ZRP) 2001, S. 241 -245<\/li>\n\n\n\n<li>Waffen, Gef\u00e4hrliche und andere Werkzeuge nach dem Beschluss des Gro\u00dfen Senats,<br>NStZ 2003, S. 569 \u2013 576<\/li>\n\n\n\n<li>Ersatzhehlerei als Beruf und rechtsstaatliche Verteidigung,<br>NStZ 2004, S. 473 \u2013 478<\/li>\n\n\n\n<li>Regelung der Urteilsabsprache \u2013 ein Appell zum Innehalten,<br>NStZ 2007, 433 \u2013 437<\/li>\n\n\n\n<li>Strafrechtswissenschaft und strafrechtliche Rechtsprechung \u2013\u00a0Fremde seltsame Welten<br>&#8211; in: Michalke \/ K\u00f6berer \/ Pauly \/ Kirsch (Hrsg.),<br>Festschrift f\u00fcr Rainer Hamm zum 65. Geburtstag, 2008, S. 63 \u2013 81<br>-Spanische \u00dcbersetzung: Ciencia del derecho penal y jurisprudencia penal &#8211; Mundos extra\u00f1amente ajenos<\/li>\n\n\n\n<li>Der Gef\u00e4hrdungsschaden bei \u00a7 266 in der Rechtsprechung des Bundesgerichtshofs,<br>StraFo 2008, 269 \u2013 277<\/li>\n\n\n\n<li>Aussagewahrheit und Glaubhaftigkeitsbeurteilung.<br>Anmerkungen zum Beweiswert von Glaubhaftigkeitsgutachten<br>&#8211; in: Sch\u00f6ch\/ Satzger\/ Sch\u00e4fer\/ Ignor\/ Knauer (Hrsg.),<br>Festschrift f\u00fcr Gunter Widmaier zum 70. Geburtstag, 2008, S. 191 \u2013 222<\/li>\n\n\n\n<li>Zum Verh\u00e4ltnis zwischen tatrichterlicher Beweisw\u00fcrdigung und revisionsrichterlicher Kontrolle<br>&#8211; in: Laubenthal (Hrsg.),<br>Festgabe f\u00fcr Rainer Paulus zum 70. Geburtstag, 2009, S. 51 \u2013 72<\/li>\n\n\n\n<li>Absprache-Regelung: Probleml\u00f6sung oder Problem?,<br>StraFo 2009, S. 177 \u2013 188<\/li>\n\n\n\n<li>Prognosen, Sch\u00e4den, Schwarze Kassen \u2013 Aktuelle Diskussionen im Untreue- und Betrugsstrafrecht,<br>NStZ-Sonderheft f\u00fcr Klaus Miebach, Juni 2009, S. 8 \u2013 19<br><a href=\"https:\/\/www.fischer-stgb.de\/fischer\/wp-content\/uploads\/2015\/11\/Schwarze-Kassen_NStZ-Sonderheft-2009.pdf\" target=\"_blank\" rel=\"noopener noreferrer\">Text<\/a><\/li>\n\n\n\n<li>Gef\u00e4hrdungsschaden und versuchte Untreue<br>(zugleich Besprechung von BVerfG, Beschl. vom 10. M\u00e4rz 2009 \u2013 2 BvR 1980\/07),<br>Strafverteidiger 2010, S. 95 \u2013 101<\/li>\n\n\n\n<li>Beratungsgeheimnis, Sondervoten, Richterbilder. Einige Bemerkungen zu einer fast vergessenen Frage<br>&#8211; in: Herzog \/ Neumann (Hrsg.),<br>Festschrift f\u00fcr Winfried Hassemer zum 70. Geburtstag, 2010, S. 977 \u2013 991<\/li>\n\n\n\n<li>Strafma\u00dfverteidigung \u2013 aus Sicht eines Revisionsrichters.<br>Vortrag beim 33. Strafverteidigertag 2009 in K\u00f6ln,<br>Tagungsband (Hrsg.: Strafverteidigervereinigungen) 2010, S. 87 \u2013 106<\/li>\n\n\n\n<li>Konfliktverteidigung, Missbrauch von Verteidigungsrechten und das Beweisantragsrecht,<br>Vortrag beim Symposium: \u201e30 Jahre Strafverteidiger\u201c am 17. April 2010 in Frankfurt,<br>Strafverteidiger (StV) 2010, S. 423 \u2013 428<\/li>\n\n\n\n<li>Risikomanagement und objektive Zurechnung,<br>Vortrag beim 2. ECLE-Symposium des Institute for Law and Finance, Frankfurt\/M,<br>20.\/21. November 2009, in: L\u00fcderssen \/ Kempf \/ Volk (Hrsg.),<br>Die Finanzkrise, das Wirtschaftsstrafrecht und die Moral, 2010, S. 190 \u2013 200<\/li>\n\n\n\n<li>Unternehmensstrafrecht in der Revision,<br>Vortrag beim 11. Fr\u00fchjahrssymposium der AG Strafrecht des DAV am 16.\/17. April 2010 in Karlsruhe,<br>StrafverteidigerForum (StraFo) 2010, S. 329 \u2013 337<\/li>\n\n\n\n<li>Wirtschaftskriminalit\u00e4t und Korruption. Aktuelle Entwicklungen in der Rechtsprechung,<br>Vortrag bei der 11. Jahrestagung der Kriminologischen Gesellschaft am 17. September 2009 in Gie\u00dfen,<br>in: Bannenberg\/Jehle (Hrsg.), Wirtschaftskriminalit\u00e4t (Tagungsband der 11. Jahrestagung), 2010, S. 3 \u2013 24<\/li>\n\n\n\n<li>Ein Jahr Absprache-Regelung \u2013 Praktische Erfahrungen und gesetzlicher Erg\u00e4nzungsbedarf,<br>Zeitschrift f\u00fcr Rechtspolitik (ZRP) 2010, S. 49 \u2013 51<\/li>\n\n\n\n<li>Spuren der Strafrechtswissenschaft. Eine Leseempfehlung<br>&#8211; in: Bernsmann \/ Fischer (Hrsg.),<br>Festschrift f\u00fcr Ruth Rissing-van Saan zum 65. Geburtstag, 2011, S. 143 \u2013 179<br>&#8211; Brasilianische\/portugiesische \u00dcbersetzung: Vestigos da Ciencia Penal na Republica Federal da Alemanha<br>Revista IBCCRIM 2015, Heft 4 (Sao Paulo\/Bras.)<br>-Spanische \u00dcbersetzung:\u00a0Vestigos de la dogmatica penal en la jurisprudencia alemana, Lima \/ Peru 2016 (\u00dcbersetzung Andy Carriou Zenteno)<\/li>\n\n\n\n<li>St\u00f6rung des \u00d6ffentlichen Friedens (\u00a7 130 Abs. 4 StGB): Strafw\u00fcrdigkeit als Tatbestandsmerkmal,<br>Zugleich eine Besprechung von BVerfG, Beschl. vom 4. November 2009 \u2013 1 BvR 2150\/08,<br>&#8211; in: Paeffgen u. a. (Hrsg.), Strafrechtswissenschaft als Analyse und Konstruktion.<br>Festschrift f\u00fcr Ingeborg Puppe zum 70. Geburtstag, 2011, S. 1119 \u2013 1141<\/li>\n\n\n\n<li>Patientenverf\u00fcgung und Sterbehilfe \u2013 Neue Orientierung durch den Bundesgerichtshof<br>Bucerius Law Journal, 2011, Heft 1, S. 1 \u2013 2<\/li>\n\n\n\n<li>Strafjustiz und Richterwahl in der Bundesrepublik Deutschland,<br>Vortrag bei der Jahrestagung der Schweizerischen Arbeitsgruppe f\u00fcr Kriminologie (SAK), Interlaken, 3. M\u00e4rz 2011 Tagungsband 2011, S.<\/li>\n\n\n\n<li>Direkte Sterbehilfe. Anmerkung zur Privatisierung des Lebensschutzes<br>&#8211; in: Heinrich \/ J\u00e4ger \/ Achenbach u. a. (Hrsg.), Strafrecht als Scientia Universalis.<br>Festschrift f\u00fcr Claus Roxin zum 80. Geburtstag am 15. Mai 2011, 2011, S. 557 \u2013 576<\/li>\n\n\n\n<li>Die Zukunft des Untreuetatbestands,<br>Kommentar zum Referat von Thomas R\u00f6nnau.<br>3. Karlsruher Strafrechtsdialog am 27. Mai 2011 Tagungsband (Hrsg. Jahn \/ Nack) 2011, S. 73 \u2013 77<\/li>\n\n\n\n<li>Finanzkrise und Strafrecht. Impulsreferat zur Podiumsdiskussion,<br>Strafrechtslehrertagung 2011 in Leipzig, 26. Juni 2011, ZStW Bd. 123 (2011), Heft 4; S. 816 \u2013 826<\/li>\n\n\n\n<li>Ambivalenzen der Opferorientierung in der Reform des Sexualstrafrechts \u2013 eine juristische Analyse,<br>Vortrag bei der Tagung: \u201eAmbivalenzen der Opferzuwendung im Strafrecht\u201c,<br>Zentrum f\u00fcr interdisziplin\u00e4re Forschung (ZiF), Bielefeld, am 14.\/15. September 2011<br>Tagungsband (Hrsg. K\u00f6lbel \/ Barton) 2012, S. 177-196<\/li>\n\n\n\n<li>Sch\u00e4tzungen in der strafrechtlichen Revision,<br>Vortrag beim Fr\u00fchjahrssymposium der AG Strafrecht des DAV,<br>Karlsruhe, 20. April 2012, StraFo 2012<\/li>\n\n\n\n<li>Strafrechtliche Verantwortlichkeit der Organmitglieder von Banken<br>Vortrag beim Bankrechtstag 2012 der Bankrechtlichen Vereinigung,<br>Frankfurt\/M, 29. Juni 2012, Tagungsband, Schriftenreihe der Bankrechtlichen Vereinigung Bd. 34, 2012, S. 129 &#8211; 151<\/li>\n\n\n\n<li>Strafrechtliche Revision, Vieraugenprinzip, gesetzlicher Richter und rechtliches Geh\u00f6r. Eine Ankn\u00fcpfung an BVerfG, Beschl. v. 23.5.2012 \u2013 2 BvR 610\/12 u.a..<br>(zusammen mit Christoph Krehl)<br>Strafverteidiger 2012, S. 550 \u2013 559<\/li>\n\n\n\n<li>Das Zehn-Augen-Prinzip<br>(zusammen mit Ralf Eschelbach und Christoph Krehl),<br>StV 2013, S: 395 \u2013 402<\/li>\n\n\n\n<li>15 Jahre Sechstes Strafrechtsreformgesetz \u2013 Blick zur\u00fcck nach vorn<br>&#8211; in: Freund\/Murmann\/Bloy\/Perron (Hrsg.), Grundlagen und Dogmatik des gesamten Strafrechtssystems. Festschrift f\u00fcr Wolfgang Frisch, 2013, S. 31 \u2013 48<\/li>\n\n\n\n<li>Therapie und Therapiebeurteilung als Grundlage juristischer Entscheidungen<br>Forensische Psychiatrie, Psychologie, Kriminologie: Band 7, Heft 3 (2013), Seite 151-156<br><a href=\"http:\/\/link.springer.com\/article\/10.1007%2Fs11757-013-0219-2\" target=\"_blank\" rel=\"noopener noreferrer\">Zum Artikel<\/a><\/li>\n\n\n\n<li>Der Einfluss des Berichterstatters auf die Ergebnisse strafrechtlicher Revisionsverfahren.<br>Eine empirische Untersuchung \u00fcber Zusammenh\u00e4nge zwischen gesetzlichem Richter, personeller Zust\u00e4ndigkeit und Erledigungsart in den Entscheidungen der Strafsenate des Bundesgerichtshofs,<br>NStZ 2013, S. 425 \u2013 432<\/li>\n\n\n\n<li>Die Deal Entscheidung. Eine Polemik \u00fcber rasselnde Federn in der Justiz<br>&#8211; in:\u00a0Esser u.a. (Hrsg.), Festschrift f\u00fcr Hans-Heiner K\u00fchne zum 70. Geburtstag, 2013, S. 203 \u2013 212<\/li>\n\n\n\n<li>Erwiderung auf Basdorf u.a.: Zum Zehnaugenprinzip in der Revisionsrechtsprechung<br>(zusammen mit Ralf Eschelbach und Christoph Krehl),<br>NStZ 2013, Heft 10, S. 563-564<\/li>\n\n\n\n<li>Strafverteidigung aus der Sicht des Richters \u2013 R\u00fcckblick und Ausblick<br>(Vortrag beim 25. StPO-Nordseetreffen des Deutsche Strafverteidiger e.V., 12.\/13. Juli 2013),<br>Strafverteidiger 2014, S. 47-53<\/li>\n\n\n\n<li>Zur Reform der T\u00f6tungsdelikte Mord und Totschlag \u2013 \u00dcberblick und eigener Vorschlag<br>(zusammen mit R\u00fcdiger Deckers, Stefan K\u00f6nig, Klaus Bernsmann),<br>NStZ 2014, S. 9-15<\/li>\n\n\n\n<li>Kommentatoren. Bemerkungen zum Versuch, 1000 Schmetterlinge zu fangen<br>&#8211; In: Heger u.a. (Hrsg.), Festschrift f\u00fcr Kristian K\u00fchl zum 70. Geburtstag, 2014, S. 963-975<\/li>\n\n\n\n<li>Beweisen, Bewerten, Verurteilen,<br>Antwort auf Puppes Polemik \u00fcber die \u201eMethoden der Rechtsfindung des BGH\u201c (ZIS 2014, 66), ZIS-online, Ausgabe 03\/2014, S. 97 ff.<br><a href=\"https:\/\/www.fischer-stgb.de\/fischer\/wp-content\/uploads\/2015\/11\/ZIS-online2014-Heft-3-S.-97-101.pdf\" target=\"_blank\" rel=\"noopener noreferrer\">Text<\/a><\/li>\n\n\n\n<li>Strafbarkeit beim Dealen mit dem Recht? \u00dcber Lausbuben- und Staatsstreiche.<br>&#8211; In: Gaede u.a. (Hrsg.), Ged\u00e4chtnisschrift f\u00fcr Manfred Seebode, 2015, S. 66-90;<br>Vorabdruck HRRS 2014, Heft 8\/9<br><a href=\"https:\/\/www.hrr-strafrecht.de\/hrr\/archiv\/14-09\/?sz=6\" target=\"_blank\" rel=\"noopener noreferrer\">Text<\/a><\/li>\n\n\n\n<li>Perspektiven der Strafverteidigung \u2013 aus richterlicher Sicht,<br>Vortrag beim Symposion zum Gedenken an Gunter Widmaier am 28. September 2013 in Berlin,<br>&#8211; in: Ignor u.a. (Hrsg.) HRRS-Ged\u00e4chtnisgabe f\u00fcr Gunter Widmaier, 2014, S. 101 &#8211; 127<\/li>\n\n\n\n<li>Zur Reform der T\u00f6tungsdelikte,<br>Vortrag bei der DAV-Tagung \u201eReform der T\u00f6tungsdelikte\u201c am 29. April 2014 in Berlin,<br>Anwaltsblatt 2014 (Heft 11), S. 883-885<\/li>\n\n\n\n<li>Interne und externe Compliance-Kontrolle im Gesundheitswegen,<br>Vortrag anl\u00e4sslich des 10j\u00e4hrigen Bestehens des Ausschusses Freiwillige Selbstkontrolle (FSA) des Verbandes der forschenden Pharmaindustrie (8. April 2014, Berlin),<br>&#8211; in: L\u00fcderssen u.a. (Hrsg.), Tagungsband der 6. ECLE-Tagung (2013), 2014, S.<\/li>\n\n\n\n<li>Antrag und gerichtliche Bescheidung auf Einholung eines alternativen psychiatrischen und\/oder psychologischen Gutachtens,<br>in: Deckers\/K\u00f6hnken (Hrsg.), Die Erhebung und Bewertung von Zeugenaussagen im Strafprozess,<br>2. Aufl. 2014, S. 153-162<\/li>\n\n\n\n<li>Noch einmal: Dogmatik und Praxis des Strafrechts,<br>Zu Sch\u00fcnemanns Widerlegung einer Polemik \u00fcber die Fremdheit zweier Welten,<br>&#8211; in: Hefendehl\/H\u00f6rnle\/Greco (Hrsg.), Festschrift f\u00fcr Bernd Sch\u00fcnemann zum 70. Geburtstag, 2014, S.41-53<br>&#8211; Spanische \u00dcbersetzung: Una vez mas: Dogmatica y praxis del derecho penal &#8211; Sobre la refutaci\u00f3n de Sch\u00fcnemann a la pol\u00e9mica sobre la ajenidad de dos mundos,\u00a0\u00a0Lima \/ Peru 2016 (\u00dcbersetzung Andy Carriou Zenteno)<\/li>\n\n\n\n<li>Sexuelle N\u00f6tigung: Schutzl\u00fccken oder Schutzl\u00fccken-Fantasien?,<br>StraFo 2014, S. 485-493<\/li>\n\n\n\n<li>Was bedeutet \u201eErmittlungsverfahren\u201c und was \u201eWildwuchs\u201c?<br>(Vortrag bei den 5. Bielefelder Verfahrenstagen, 17.\/18. September 2014),<br>&#8211; in: Barton \/ K\u00f6lbel \/ Lindemann (Hrsg.), Wider die wildw\u00fcchsige Entwicklung des Ermittlungsverfahrens (Tagungsband), 2015, S. 151-166<\/li>\n\n\n\n<li>Unternehmen vor Gericht?<br>Prozessuale Anmerkungen zum Entwurf eines Verbandsstrafbarkeitsgesetzes<br>(zusammen mit Elisa Hoven),<br>ZIS-Online, Ausgabe 1\/2015, S. 32-39<\/li>\n\n\n\n<li>Statement: Korruptionsverfolgung im Gesundheitswesen \u2013 dringender denn je!,<br>medstra 2015, Heft 1<\/li>\n\n\n\n<li>Gesetzliche Richter im Strafverfahren. Zugleich: Kleine Nachlese gro\u00dfer Aufregungen,<br>Festschrift f\u00fcr Werner-Beulke zum 70. Geburtstag, 2015, S. 709-722<\/li>\n\n\n\n<li>Noch einmal: \u00a7177 StGB und die Istanbul-Konvention<br>(Entgegnung auf Tatjana H\u00f6rnle), ZIS-Online 2015,\u00a0S. 312 &#8211; 319 (Ausgabe 6\/2015) <a href=\"http:\/\/zis-online.com\/dat\/artikel\/2015_6_926.pdf\" target=\"_blank\" rel=\"noopener noreferrer\">Text<\/a><\/li>\n\n\n\n<li>Kann das strafrechtliche Revisionsrecht noch etwas bewegen?<br>&#8211; in: Stuckenberg \/ G\u00e4rditz (Hrsg.), Festschrift f\u00fcr Hans-Ullrich Paeffgen zum 70. Geburtstag, 2015, S. 737-755<\/li>\n\n\n\n<li>Faktischer, wirtschaftlicher, normativer Schadensbegriff<br>in: Fischer \/ Hoven u.a. (Hrsg.), Praktische und dogmatische Fragen des Schadensbegriffs im Verm\u00f6gensstrafrecht, 2015 (Baden-Badener Strafrechtsgespr\u00e4che Bd. 1), S. 51-57,<br>NOMOS Verlag Baden-Baden<\/li>\n\n\n\n<li>Welche und wie viel Aufmerksamkeit schuldet die Strafjustiz der Revision?,<br>in: Limperg u.a. (Hrsg.), Recht im Wandel deutscher und europ\u00e4ischer Rechtspolitik.<br>Festschrift 200 Jahre Carl Heymanns Verlag, 2015, S. 463-485<\/li>\n\n\n\n<li>Erwiderung auf Geiger: \u201eIm Tr\u00fcben gefischt\u201c, medstra 2015, S. 323-324 (Heft 6\/2015) <a href=\"https:\/\/www.fischer-stgb.de\/fischer\/wp-content\/uploads\/2015\/12\/medstra-2015-323-statement.pdf\" target=\"_blank\" rel=\"noopener noreferrer\">Text<\/a><\/li>\n\n\n\n<li>Sterbehilfe: Und was der Berg gebar&#8230;, betrifft: justiz 2015 (Dezember 2015)<\/li>\n\n\n\n<li>Stichworte zur Psychologischen Konstruktion des Verdachts, in: Fischer\/Hoven (Hrsg.), Verdacht, Baden-Baden (NOMOS) 2016, S. 15 &#8211; 19<\/li>\n\n\n\n<li>Zur Reform der Vorschriften \u00fcber die T\u00f6tungsdelikte, Juristische Studiengesellschaft Karlsruhe, Jahresband 2015 (206), S. 73-86<\/li>\n\n\n\n<li>Natur und Moral, in: Fischer \/ Hoven (Hrsg.), Schuld (Baden-Badener Strafrechtsgespr\u00e4che Bd. 3), 2017, S.<\/li>\n\n\n\n<li>&#8222;Mut zur L\u00fccke &#8211; auch im Sexualstrafrecht&#8220; in: Rettenberger\/Dessecker (Hrsg.), Sexuelle Gewalt als Herausforderung f\u00fcr Gesellschaft und Recht,<br>KUP &#8211; Schriftenreihe der Kriminologischen Zentralstelle, Bd. 72, 2017, S. 51-67<\/li>\n\n\n\n<li>Sterbehilfe, Suizid und Strafrecht<br>(Vortrag an der HTW-Saarbr\u00fccken, 7.6.2017), Pflegerecht 2017, (Heft 10), S. 623 &#8211; 629).<\/li>\n\n\n\n<li>Strafrechtsrevision Light: Zwei Augen plus X,<br>in: Herrmann\/Kr\u00e4mer (Hrsg.), Festschrift f\u00fcr Christian Kirchberg, 2017, S. 571 &#8211; 589<br><a href=\"https:\/\/www.fischer-stgb.de\/fischer\/wp-content\/uploads\/2015\/11\/IV_Fischer-1.pdf\" target=\"_blank\" rel=\"noopener noreferrer\">Text<\/a><\/li>\n\n\n\n<li>&#8222;Straftaten aus Gruppen&#8220; (\u00a7184j StGB) &#8211; Ein Lehrst\u00fcck zwischen Horden, Dogmatik und deren Simulation,<br>in: Saliger u.a. (Hrsg.), Festschrift f\u00fcr Ulfrid Neumann, 2017, S. 1089 &#8211; 1104<\/li>\n\n\n\n<li>Neuregelung des straf- und berufsrechtlichen Geheimschutzes,<br>medstra 2017, Heft 6 (Nov. 2017), S. 1<\/li>\n\n\n\n<li>Binnendivergenzen. (Zur Entscheidungsfindung in \u00fcberbesetzten Revisionssenaten),<br>in: Barton\/Jahn\/Park\/Fischer (Hrsg.), Festschrift f\u00fcr Reinhold Schlothauer, 2018, S. 471-483<\/li>\n\n\n\n<li>Beschleunigtes Zweimaltreffen. Zur Aufdeckung von h\u00f6chstrichterlichen Verfahrensm\u00e4ngeln (zugleich Besprechung von OLG Frankfurt, Beschluss vom 3. Februar 2016 &#8211; 1 Ws 186\/15, und Kammergericht, Beschluss vom 17. Januar 2018 &#8211; 4 Ws 149+150\/17), Strafverteidigerforum (StraFo) 2018, Heft 4, S. 133 &#8211; 139<\/li>\n\n\n\n<li>Gewalt, Geschlecht, Strafrecht. Eine Skizze \u00fcber Bedeutungen.<br>In: Pieken (Hrsg.), Milit\u00e4rhistorisches Museum der Bundeswehr, Gewalt und Geschlecht, Begleitband zur Ausstellung, 2018, S.<\/li>\n\n\n\n<li>Warum l\u00e4sst das Revisionsrecht Fehlurteile zu?, in: Barton\/Dubelaar\/K\u00f6lbel\/Linnemann (Hrsg.), Vom &#8222;hochgemuten, voreiligen Griff nach der Wahrheit&#8220; \u2013 Genese, Korrektur und Pr\u00e4vention von Fehlurteilen im Strafprozess, 6. Bielefelder Verfahrenstage (2017) , NOMOS Verlag Baden-Baden, 2018, S.<\/li>\n\n\n\n<li>Volksverhetzung im Eichsfeld. Besprechung der Einstellungsverf\u00fcgung der StA M\u00fchlhausen im Verfahren gegen Alexander Gauland (zusammen mit Klaus Ferdinand G\u00e4rditz),<br>Strafverteidiger (StV) 2018, Heft 8, S. 491-494<\/li>\n\n\n\n<li>Strafrecht, Sexualmoral, Medienmoral. &#8211; Gesellschaftspolitik zwischen Vergeltung und Pathologisierung, Zeitschrift f\u00fcr Forensische Psychiatrie, Psychologie und Kriminologie (FPPK) 2018, Heft 04,\u00a0S. 294 &#8211; 302<\/li>\n\n\n\n<li>Anmerkungen zum Beweis subjektiver Tatsachen,<br>in: Fischer (Hrsg.), Beweis. Baden-Badener Strafrechtsgespr\u00e4che, Bd. 4, NOMOS Verlag Baden-Baden; 2019), S.<\/li>\n\n\n\n<li>Denkansto\u00df: Theorie, Praxis und Fehlerquellen der strafrechtlichen Revision am Bundesgerichtshof \u2013 normative, strukturelle und organisatorische Bedingungen h\u00f6chstrichterlicher Steuerung. \u00d6ffentlicher Vortrag bei der Tagung der Gesellschaft f\u00fcr Reichskammergerichtsforschung Wetzlar am 25.04.2018, Tagungsband (erscheint demn\u00e4chst)<\/li>\n\n\n\n<li>Korruption und Abrechnungsbetrug im Medizinstrafrecht. medstra-Statement, in: medstra 2019, S. 257-258 (Heft 05\/2019)<\/li>\n\n\n\n<li>Gl\u00fcck gehabt. Zehn Gr\u00fcnde, warum ich froh bin, nicht Strafverteidiger geworden zu sein. \u201eFreispruch\u201c (Zeitschrift der Strafverteidigervereinigungen), Heft 15 (Oktober 2019), S. 13-15<\/li>\n\n\n\n<li>Normative Tatbestandsausweitung bei sexuellem \u00dcbergriff \u2013 Zur Anwendung von \u00a7 177 Abs. 1 StGB bei aktivem Handeln der gesch\u00e4digten Person,<br>NStZ 2019, S. 580 \u2013 585 (Heft 10\/2019)<\/li>\n\n\n\n<li>\u00a7 219a StGB: Der Kampf geht weiter \u2013 aber wohin?, Zeitschrift f\u00fcr Lebensrecht (ZfL) 2020, Heft 1 (erscheint Mai 2020)<\/li>\n\n\n\n<li>Ethnische Minderheiten als Objekt von Kriminalit\u00e4tspolitik \u2013 zur neuen \u201eBek\u00e4mpfung\u201c von Sinti und Roma, Jahrbuch der \u00d6ffentlichen Sicherheit (JB\u00d6S) 2020 (erscheint demn\u00e4chst)<\/li>\n\n\n\n<li>Zur Feststellung schwerer seelischer Abartigkeit, oder: Wieviel Selbstreferenzialit\u00e4t vertr\u00e4gt die Schuld, in: Bublitz\/Bung u.s. (Hrsg.), Recht \u2013 Philosophie \u2013 Literatur. Festschrift f\u00fcr Reinhard Merkel zum 70. Geburtstag, 2020, S. 395\u2013412<\/li>\n\n\n\n<li>Ausschlie\u00dfung und Ablehnung von Richtern im Strafprozess (zusammen mit Hans Kudlich); JA 2020, Heft 09, S. 641-648<\/li>\n\n\n\n<li>Strafgerichte: Stellung, Aufgaben Ablehnung und Ausschluss von Gerichtspersonen (zusammen mit Hans Kudlich), in: Hilgendorf\/Kudlich(Valerius, Handbuch des Strafrechts, Bd. 7, Grundlagen des Strafverfahrensrechts, 2020, S. 505-545<\/li>\n\n\n\n<li>Wider die Todesstrafe. Nachwort. In: Helmut Ortner, Ohne Gnade. Eine Geschichte der Todesstrafe, 2020, S. 205-213<\/li>\n\n\n\n<li>Wieviel Meinung d\u00fcrfen Richter \u00e4u\u00dfern? Editorial NStZ 2020, Heft 11, S. III<\/li>\n\n\n\n<li>Zur Feststellung schwerer seelischer Abartigkeit, oder: Wieviel Selbstreferenzialit\u00e4t vertr\u00e4gt die Schuld?, in: Bublitz\/Bung\/Gr\u00fcnewald u.a. (Hrsg.) Festschrift f\u00fcr Reinhard Merkel zum 70. Geburtstag, 2020, Tb I, S. 395 &#8211; 412<\/li>\n\n\n\n<li>Konkurrentenstreit. Pers\u00f6nliche Erfahrungen und Erlebnisse, <br>Betrifft JUSTIZ, Nr. 144, Dezember 2020, S. 373-376<\/li>\n\n\n\n<li>Vom Beugen des Rechts. Vorschlag zur Einf\u00fchrung eines \u201eminder schweren Falles\u201c der Rechtsbeugung.<br>Betr.: Justiz, Heft Dezember 2021, S. 174-178<\/li>\n\n\n\n<li>Autobiografische Skizze, in: Hilgendorf (Hrsg.), Die deutschsprachige Strafrechtswissenschaft in Selbstzeugnissen, Bd. II, 2021, S. 27-52<\/li>\n\n\n\n<li>Fliegende F\u00e4uste, fliehende Worte (zum Beschluss des AG Burg vom 10. November 2021),<br>mypos Nr. 44, 2022, S. 18-23<\/li>\n\n\n\n<li>Anmerkungen zum Gewalt- und Lebensschutz im Koalitionsvertrag 2021, <br>Zeitschrift f\u00fcr Lebensrecht (ZfL) 2022, Heft 1, S. 1-11<\/li>\n\n\n\n<li>Frau F. und Bauer R., in: Eidam\/Lindemann\/Neuhaus\/Ransiek (Hrsg), Festschrift f\u00fcr Stephan Barton zum 70.Geburtstag, 2023, S. 467 \u2013 478.<\/li>\n\n\n\n<li>Schwarzfahren: Strafbar? Ordnungswidrig?, Betr.: Justiz, Heft 154, 2023, S. 54-56.<\/li>\n\n\n\n<li>Kriminalpolitik, leicht gemacht. Zur Vermarktung einer kriminologischen \u201eStudie\u201c durch Hoven\/Rostalski\/Weigend, Zeitschrift f\u00fcr internationale Strafrechtswissenschaft (ZfIstw) 03\/2024, S. 150 &#8211; 157<\/li>\n\n\n\n<li>Anmerkungen zum Eckpunktepapier des Bundesministeriums der Justiz \u201eZur Modernisierung des Strafgesetzbuchs\u201c vom November 2023, FS f\u00fcr Werner Leitner zum 65. Geburtstag, 2024<\/li>\n\n\n\n<li>Bogner-Flatz\/Fischer, \u201cMake fit to die?\u201d Ein ungew\u00f6hnliche Situation um einen geplanten assistierten Suizid, Die Unfallchirurgie 2025, S. 1 \u2013 6.<\/li>\n\n\n\n<li>Ist Pluralit\u00e4t von Wirklichkeitsdeutungen eine Gefahr f\u00fcr die freiheitlich-demokratische Gesellschaft?, Streitkultur 3 (2025), S. 9-13<\/li>\n<\/ol>\n\n\n\n<h3 class=\"wp-block-heading\" id=\"Urteilsanmerkungen\">IV. Urteilsanmerkungen<\/h3>\n\n\n\n<ol class=\"wp-block-list\">\n<li>Anm. zu OLG Stuttgart, Urt. v. 10. M\u00e4rz 1989 \u2013 1 StR 635\/88\u2013,<br>NStZ 1991, S. 41 \u2013 42 (Strafbarkeit von Schwarzfahrern)<\/li>\n\n\n\n<li>Anm. zu BGH, Urt. v. 15. Oktober 1996 \u2013 VI ZR 327\/95 -,<br>(zu \u00a7 266a StGB; Nichtabf\u00fchren von Arbeitnehmerbeitr\u00e4gen)<br>Wirtschaftsrechtliche Beratung 1997, S. 130 \u2013 131<\/li>\n\n\n\n<li>Anm. zu OLG D\u00fcsseldorf, Urt. v. 31. M\u00e4rz 1997 \u2013 22 U 153\/96 \u2013,<br>(zu \u00a7 266a StGB),<br>Wirtschaftsrechtliche Beratung 1997, S. 922<\/li>\n\n\n\n<li>Anm. zu BGH, Urt. v. 12. Dezember 1996 \u2013 4 StR 489\/96 \u2013,<br>(zu \u00a7 266a StGB),<br>Wirtschaftsrechtliche Beratung 1997, S. 1030<\/li>\n\n\n\n<li>Anm. zu BGH, Urt. v. 20. Oktober 1999, 2 StR 248\/99 (= BGHSt 45, 253) <br>(zu \u00a7 177 StGB),<br>NStZ 2000, 142 \u2013 143<\/li>\n\n\n\n<li>Anm. zu OLG D\u00fcsseldorf, Beschluss vom 24.9.2018 \u2013 5 Ss 83\/16<br>(zu \u00a7 130 StGB),<br>NStZ 2019, S. 348-350 (Heft 6)<\/li>\n\n\n\n<li>Anm. zu BGH, Beschl. vom 02.07.2020 \u2013 4 StR 678\/19<br>(zu \u00a7 177 Abs. 5 Nr. 3 StGB)<br>NStZ 2020, S. 662-665 (Heft 11)<\/li>\n\n\n\n<li>Anm. zu BGH, Beschl. vom 18.08.2020 \u2013 StB 25\/20, StV 2020, S. 816, und OLG Frankfurt, Beschluss vom 28.07.2020 \u2013 5-2 StE!\/20-5a \u2013 3\/205, StV 2020, 848 (Leitsatz), zur Aufhebung einer Pflichtverteidigerbestellung, <br>Strafverteidiger (StV) 2020, S. 818-821 (Heft 12)<\/li>\n<\/ol>\n\n\n\n<h3 class=\"wp-block-heading\" id=\"Rezensionen\">V. Rezensionen<\/h3>\n\n\n\n<ol class=\"wp-block-list\">\n<li>Bringewat, Strafvollstreckungsrecht. Kommentar zur den \u00a7\u00a7 449 \u2013 463d StPO,<br>1. Aufl. 1992,<br>JZ 1994, S. 92<\/li>\n\n\n\n<li>Arzt \/ Weber, Strafrecht Besonderer Teil, 2000,<br>JZ 2001, S. 402<\/li>\n\n\n\n<li>Radtke, Henning, Die Dogmatik der Brandstiftungsdelikte, 1998,<br>GA 2001, S. 499 \u2013 505<\/li>\n\n\n\n<li>Luhmann, Ausdifferenzierung des Rechts, 1981\/1999,<br>GA 2001, S. 562 \u2013 565<\/li>\n\n\n\n<li>\u00a0\u201eEs h\u00e4tte nicht passieren d\u00fcrfen\u201c,<br>Rezension von G. Strate: Der Fall Mollath,<br>Die ZEIT Nr. 51\/2014, S. 8<\/li>\n\n\n\n<li>Ein Polizist am Abgrund. \u2013 Rezension von: Rainer Wendt, Deutschland in Gefahr, 2016,<br>Die Zeit, Nr. 1\/2017, S. 6<br><a href=\"https:\/\/www.fischer-stgb.de\/fischer\/wp-content\/uploads\/2015\/11\/2016-Nr.-52_-Recht-und-Unrecht_Polizist-am-Abgrund.pdf\" target=\"_blank\" rel=\"noopener noreferrer\">Text<\/a><\/li>\n\n\n\n<li>\u201eHerr Gnisa und das Ende des Rechtsstaats\u201c. Eine Rezension. ZEIT-Online, 17.08.2017<br><a href=\"https:\/\/www.fischer-stgb.de\/fischer\/wp-content\/uploads\/2015\/11\/Jens-Gnisa_-Herr-Gnisa-und-das-Ende-des-Rechtsstaats-_-ZEIT-ONLINE.pdf\" target=\"_blank\" rel=\"noopener noreferrer\">Text<\/a><\/li>\n\n\n\n<li>\u201ePalast der Vergeblichkeit\u201c \u2013 Rezension des Romans \u201eJustizpalast\u201c von Petra Morsbach, ZEIT-Online, 13.11.2017<br><a href=\"https:\/\/www.fischer-stgb.de\/fischer\/wp-content\/uploads\/2017\/12\/Justizpalast_-Palast-der-Vergeblichkeit-_-ZEIT-ONLINE.13.11.2017.pdf\" target=\"_blank\" rel=\"noopener noreferrer\">Text<\/a><\/li>\n\n\n\n<li>\u201eStrafe\u201c \u2013 f\u00fcr was auch immer. Rezension von: Ferdinand von Schirach: \u201eStrafe\u201c, Strafverteidiger, Heft 06\/2018, S. 393 &#8211; 396<\/li>\n\n\n\n<li>\u201eWeiheraum\u201c, Roman von Klaus Marxen<br>(Verlag Bouvier, 2015, 257 Seiten, 19,99 \u20ac),<br>in: Goldtdammer\u2019s Archiv f\u00fcr Strafrecht, 2019, S. 360 \u2013 363 (Heft 5)<\/li>\n\n\n\n<li>Richter Knallhart \u00fcber dem Abgrund. Rezension von: Thorsten Schleif, \u201eUrteil: Ungerecht\u201c (Riva Verlag, 2019, 208 S., 19,99 \u20ac), in: Kolumne SPON \u201eRecht Haben\u201c, 2019, KW 47<\/li>\n\n\n\n<li>Neues von Richter Eisenfaust aus Dinslaken. Rezension von Thoresten Schleif: \u201eWo unsere Justiz versagt\u201c, Riva Verlag 2022, Legal Tribune Online, 30.04.2022<\/li>\n\n\n\n<li>ARD-Doku \u00fcber \u201eStaranwalt\u201c: \u201eWegbomben\u201c f\u00fcr die Gerechtigkeit, Legal Tribune Online, 21.05.2024<\/li>\n\n\n\n<li>Wie naiv war der deutsche Justiz-Auftritt in US-Doku?, Legal Tribune Online, 26.02.2025<\/li>\n<\/ol>\n\n\n\n<h3 class=\"wp-block-heading\" id=\"Sonstige\">VI. Sonstige Ver\u00f6ffentlichungen<\/h3>\n\n\n\n<h3 class=\"wp-block-heading\"><strong>1. Die Kolumnen<\/strong><\/h3>\n\n\n\n<p>Regelm\u00e4\u00dfige Kolumnen sind erschienen bzw. erscheinen bei<\/p>\n\n\n\n<ol class=\"wp-block-list\">\n<li>zeit.de (2015 bis 2018), w\u00f6chentlich<\/li>\n\n\n\n<li>meedia.de (2016-2018), gelegentlich<\/li>\n\n\n\n<li>SPIEGEL.de (seit 2019), w\u00f6chentlich<\/li>\n\n\n\n<li>Journal der juristischen Zeitgeschichte (JoJZG), 3-4mal j\u00e4hrlich, seit 2019<\/li>\n\n\n\n<li>Legal Tribune Online (lto.de), seit 2022<\/li>\n<\/ol>\n\n\n\n<h3 class=\"wp-block-heading\"><strong>2. Sonstiges<\/strong><\/h3>\n\n\n\n<ol class=\"wp-block-list\">\n<li>Nachruf: Pr\u00e4sident des Bundesgerichtshofs a. D. Prof. Dr. Gerd Pfeiffer<\/li>\n\n\n\n<li>(\u2020 01. 02. 2007)<br>Journal der Juristischen Zeitgeschichte 2007, S. 101 \u2013 103<\/li>\n\n\n\n<li>Stellungnahme zum Gesetzentwurf eines Gesetzes zur Regelung der Absprache im Strafverfahren, BT-Drs. 16\/11736,<br>f\u00fcr den Rechtsausschuss des Deutschen Bundestags,<br>\u00f6ffentliche Sachverst\u00e4ndigen-Anh\u00f6rung vom 25. M\u00e4rz 2009,<br>www. bundestag.de \/ ausschuesse \/ recht \/ oeffentliche Anhoerungen \/<\/li>\n\n\n\n<li>Geruch von Denunziation,<br>Die ZEIT Nr. 6\/2013, 31. Januar 2013, S. 50<br><a href=\"https:\/\/www.fischer-stgb.de\/fischer\/wp-content\/uploads\/2015\/11\/DZ_ePaper_06_13-S.-50.Denunziation.pdf\" target=\"_blank\" rel=\"noopener noreferrer\">Geruch von Denunziation<\/a><\/li>\n\n\n\n<li>Der Deal zerst\u00f6rt das Recht<br>Die ZEIT Nr. 6\/2013, 31. Januar 2013, S. 50<br><a href=\"http:\/\/www.zeit.de\/2013\/14\/verfassungsgericht-gestaendnishandel\" target=\"_blank\" rel=\"noopener noreferrer\">Der Deal zerst\u00f6rt das Recht<\/a><\/li>\n\n\n\n<li>Interview: Wer die Menschen nicht mag, versteht nichts.<br>In: Thomas Darnst\u00e4dt, Der Richter und sein Opfer,<br>2013, S. 265-280<br><a href=\"https:\/\/www.fischer-stgb.de\/fischer\/wp-content\/uploads\/2015\/11\/Interview-Darnst\u00e4dt-Fischer.2013.pdf\" target=\"_blank\" rel=\"noopener noreferrer\">Interview Darnst\u00e4dt Fischer.2013<\/a><\/li>\n\n\n\n<li>Wahn und Willk\u00fcr,<br>Die ZEIT Nr. 35\/2013, 22. August 2013, S. 13<br><a href=\"https:\/\/www.fischer-stgb.de\/fischer\/wp-content\/uploads\/2015\/11\/DZ_ePaper_35_13_S.13_Fischer.pdf\" target=\"_blank\" rel=\"noopener noreferrer\">Wahn und Willk\u00fcr<\/a><\/li>\n\n\n\n<li>Rechtsfrage. Was meinen Sie, Herr Fischer?,<br>Zeitschrift f\u00fcr Rechtspolitik (ZRP) 2013, Heft 6, S. 191<\/li>\n\n\n\n<li>V\u00f6lkisches Recht. Pl\u00e4doyer f\u00fcr eine \u00fcberf\u00e4llige Rechtsreform,<br>Die ZEIT Nr. 51\/2013 vom 12. Dezember 2013, S. 8<br><a href=\"https:\/\/www.fischer-stgb.de\/fischer\/wp-content\/uploads\/2015\/11\/ZEIT_2013_51_0008.Fischer.pdf\" target=\"_blank\" rel=\"noopener noreferrer\">V\u00f6lkisches Recht<\/a><\/li>\n\n\n\n<li>Strafrechtliche Aufarbeitung der Finanzmarktkrise \u2013 Diskussionsforum I,<br>in: Schiedeck \/ R\u00f6nnau (Hrsg.), Wirtschaftsstrafrecht: Plage oder Gewinn f\u00fcr den Standort Deutschland? (Tagungsband), 2013, S. 35-41<\/li>\n\n\n\n<li>T\u00e4ter, die sich f\u00fcr Opfer halten,<br>Die ZEIT Nr. 7\/2014 vom 6. Februar 2014, S. 23<br><a href=\"https:\/\/www.fischer-stgb.de\/fischer\/wp-content\/uploads\/2015\/11\/DZ_ePaper_07_14.S.-23.pdf\" target=\"_blank\" rel=\"noopener noreferrer\">T\u00e4ter, die sich f\u00fcr Opfer halten<\/a><\/li>\n\n\n\n<li>Bitte entschuldigen Sie, Herr Edathy,<br>Die ZEIT Nr. 10\/2014 vom 27. Februar 2014, S. 4<br><a href=\"https:\/\/www.fischer-stgb.de\/fischer\/wp-content\/uploads\/2015\/11\/DZ_ePaper_10_14.pdf\" target=\"_blank\" rel=\"noopener noreferrer\">Bitte entschuldigen Sie, Herr Edathy<\/a><\/li>\n\n\n\n<li>Rechtsgespr\u00e4ch,<br>Zeitschrift f\u00fcr Rechtspolitik (ZRP), Heft 2\/2014, S. 58-61<\/li>\n\n\n\n<li>Steuerhinterziehung, Steuerfahndung, Selbstanzeige,<br>Interview, Frankfurter Allgemeine Sonntagszeitung, 9. M\u00e4rz 2014<\/li>\n\n\n\n<li>Steuerhinterziehung, Steuer, Selbstanzeige,<br>Deutscher Beamten Bund, dbb magazin Heft April 2014, S. 18<\/li>\n\n\n\n<li>Bonus f\u00fcr Fremde?<br>Die ZEIT Nr. 15\/2014 vom 3. April 2014, S. 1<br><a href=\"https:\/\/www.fischer-stgb.de\/fischer\/wp-content\/uploads\/2015\/11\/DZ_ePaper_15_14.pdf\" target=\"_blank\" rel=\"noopener noreferrer\">Bonus f\u00fcr Fremde?<\/a><\/li>\n\n\n\n<li>Dieses Gesetz ist ein Witz! Zur Neuregelung der Abgeordnetenbestechung,<br>Die ZEIT Nr. 27\/2014, S. 8<br><a href=\"https:\/\/www.fischer-stgb.de\/fischer\/wp-content\/uploads\/2015\/11\/DZ_ePaper_27_14_00008.Abgeordnete.pdf\" target=\"_blank\" rel=\"noopener noreferrer\">Dieses Gesetz ist ein Witz!<\/a><\/li>\n\n\n\n<li>Was regiert die Welt? Der Schutz des \u201eVerm\u00f6gens\u201c im Strafrecht,<br>Die ZEIT Nr. 34\/2014, S. 38<br><a href=\"https:\/\/www.fischer-stgb.de\/fischer\/wp-content\/uploads\/2015\/11\/DZ_ePaper_34_14.pdf\" target=\"_blank\" rel=\"noopener noreferrer\">Was regiert die Welt?<\/a><\/li>\n\n\n\n<li>\u201eEs gibt kein Strafrecht der Moral\u201c. Spiegel-Gespr\u00e4ch,<br>Spiegel Nr. 32\/2014, S. 22-24<br><a href=\"https:\/\/www.fischer-stgb.de\/fischer\/wp-content\/uploads\/2015\/11\/SPIEGEL_2014_32_S.20-22.pdf\" target=\"_blank\" rel=\"noopener noreferrer\">\u201eEs gibt kein Strafrecht der Moral\u201c<\/a><\/li>\n\n\n\n<li>\u201eIch teile die verbreitete Kritik nicht\u201c. Zum Verfahren Ecclestone,<br>Westfalenpost, 13. August 2014<br><a href=\"https:\/\/www.fischer-stgb.de\/fischer\/wp-content\/uploads\/2015\/11\/Westfalenpost_Ecclestone.pdf\" target=\"_blank\" rel=\"noopener noreferrer\">\u201eIch teile die verbreitete Kritik nicht\u201c<\/a><\/li>\n\n\n\n<li>\u201eNein hei\u00dft Nein hei\u00dft Nein\u201c,<br>Zur aktuellen Diskussion \u00fcber die Strafbarkeit der Vergewaltigung,<br>Die ZEIT Nr. 42\/2014, S.<br><a href=\"https:\/\/www.fischer-stgb.de\/fischer\/wp-content\/uploads\/2015\/11\/DZ_epaper_42_14.pdf\" target=\"_blank\" rel=\"noopener noreferrer\">\u201eNein hei\u00dft Nein hei\u00dft Nein\u201c<\/a><\/li>\n\n\n\n<li>\u201eVom Recht verstehe ich wenig bis nichts\u201c,<br>zu Norbert Bl\u00fcms \u201eEinspruch!\u201c gegen die angebliche Willk\u00fcr der Justiz.<br>Die ZEIT Nr. 45\/2014, S. 10<br><a href=\"https:\/\/www.fischer-stgb.de\/fischer\/wp-content\/uploads\/2015\/11\/2014-Nr.-45-Bl\u00fcm.pdf\" target=\"_blank\" rel=\"noopener noreferrer\">\u201eVom Recht verstehe ich wenig bis nichts\u201c<\/a><\/li>\n\n\n\n<li>Schill. Film \u00fcber einen, der beschloss, Politiker zu werden,<br>myops Nr. 23, 2015, S. 9-20<br><a href=\"https:\/\/www.fischer-stgb.de\/fischer\/wp-content\/uploads\/2015\/11\/Schill_-Myops-Nr.-23-2015.pdf\" target=\"_blank\" rel=\"noopener noreferrer\">Text<\/a><\/li>\n\n\n\n<li>\u201eHerren fremder Welten\u201c,<br>Zum Fall Thomas Middelhoff,<br>Die ZEIT Nr. 48\/2014<\/li>\n\n\n\n<li>Interview: \u201eAls Richter schadet es nicht zu wissen, wie die Gosse aussieht\u201c,<br>Galore (online), April 2015<br><a href=\"https:\/\/www.fischer-stgb.de\/fischer\/wp-content\/uploads\/2015\/11\/https_galore.de_interviews_print_people_thomas-fischer_2015-0.pdf\" target=\"_blank\" rel=\"noopener noreferrer\">Text<\/a><\/li>\n\n\n\n<li>Pl\u00e4doyer &#8222;Warum man Cannabis legalisieren soll&#8220;, Magazin: Die Deutsche Anwaltsauskunft<br><a href=\"https:\/\/anwaltauskunft.de\/magazin\/gesellschaft\/staat-behoerden\/1849\/warum-man-cannabis-legalisieren-soll\/\" target=\"_blank\" rel=\"noopener noreferrer\">Text<\/a><\/li>\n\n\n\n<li>&#8222;Sicherheit und Sinn&#8220;, Die ZEIT Nr. 26\/2017 vom 23. Juni 2017<br><a href=\"http:\/\/www.fischer-stgb.de\/fischer\/wp-content\/uploads\/2015\/11\/2017-Nr.-26-Sicherheit-22.06.2017.pdf\" target=\"_blank\" rel=\"noopener noreferrer\">Text<\/a><\/li>\n\n\n\n<li>&#8222;Mit ganzer H\u00e4rte&#8220;, ZEIT-Online, 12.07.2017<br><a href=\"https:\/\/www.fischer-stgb.de\/fischer\/wp-content\/uploads\/2015\/11\/G20-Krawalle-_-Mit-ganzer-H\u00e4rte-_-ZEIT-ONLINE.12.o7.2017.pdf\" target=\"_blank\" rel=\"noopener noreferrer\">Text<\/a><\/li>\n\n\n\n<li>&#8222;Wider die Todesstrafe&#8220; &#8211; Nachwort zu: Helmut Ortner, &#8222;Wenn der Staat t\u00f6tet&#8220;, 2017, S. 214 &#8211; 221<\/li>\n\n\n\n<li>&#8222;Immer auf die Dicken&#8220;, ZEIT Magazin Nr. 34\/2017, S. 32-36<br><a href=\"https:\/\/www.fischer-stgb.de\/fischer\/wp-content\/uploads\/2015\/11\/Immer-auf-die-Dicken-ZEITmag-34-2017.pdf\" target=\"_blank\" rel=\"noopener noreferrer\">Text<\/a><\/li>\n\n\n\n<li>&#8222;Herr Gauland, der Friede und der M\u00fcll&#8220;, ZEIT-Online, 30.07.2017<br><a href=\"https:\/\/www.fischer-stgb.de\/fischer\/wp-content\/uploads\/2015\/11\/Volksverhetzung_-Herr-Gauland-der-Friede-und-der-M\u00fcll-_-ZEIT-ONLINE.pdf\" target=\"_blank\" rel=\"noopener noreferrer\">Text<\/a><\/li>\n\n\n\n<li>&#8222;Weidel, Nazis und der kleine Mann&#8220;, ZEIT-Online, 7.9.2017<br><a href=\"https:\/\/www.fischer-stgb.de\/fischer\/wp-content\/uploads\/2017\/11\/Weidel-Nazis-und-der-kleine-Mann-_-ZEIT-ONLINE.07.09.2017.pdf\" target=\"_blank\" rel=\"noopener noreferrer\">Text<\/a><\/li>\n\n\n\n<li>&#8222;Herr Minister muss leider gleich weiter&#8220;. Vier Jahre Justizminister Heiko Maas, ZEIT Nr. 39\/2017, 22.9.2017<br><a href=\"https:\/\/www.fischer-stgb.de\/fischer\/wp-content\/uploads\/2017\/11\/2017-Nr.-39-Heiko-Maas.pdf\" target=\"_blank\" rel=\"noopener noreferrer\">Text<\/a><\/li>\n\n\n\n<li>&#8222;Ich auch, ich auch!&#8220; &#8211; Zur &#8222;MeToo&#8220; &#8211; Kampagne, ZEIT-Online, 25.10.2017<br><a href=\"https:\/\/www.fischer-stgb.de\/fischer\/wp-content\/uploads\/2017\/11\/Ich-Auch_25.10.2015.pdf\" target=\"_blank\" rel=\"noopener noreferrer\">Text<\/a><\/li>\n\n\n\n<li>&#8222;Auf der Suche nach dem guten Gesetz&#8220; &#8211; Zum &#8222;Strafkammertag&#8220; vom 26.09.2017, Die ZEIT Nr. 46 \/ 2017, S. 14<br><a href=\"https:\/\/www.fischer-stgb.de\/fischer\/wp-content\/uploads\/2017\/11\/2017-Nr.46_Strafkammertag.pdf\" target=\"_blank\" rel=\"noopener noreferrer\">Text<\/a><\/li>\n\n\n\n<li>&#8222;<span style=\"font-family: Times New Roman, serif;\"><span style=\"font-size: medium;\">Blut, Gott, Stadt \u2013 Zehn Fu\u00dfnoten zur Orestie&#8220;, Burgtheater Wien 2017, Aischylos, Orestie, Programmheft<br><a href=\"https:\/\/www.fischer-stgb.de\/fischer\/wp-content\/uploads\/2019\/03\/aischylos.orestie.wien_.pdf\" target=\"_blank\" rel=\"noopener noreferrer\">Text<\/a><br><\/span><\/span><\/li>\n\n\n\n<li>&#8222;Mr. Spacey und wir&#8220; &#8211; \u00dcber die Sexismus-Debatte, ZEIT-Online, 10.11.2017<br><a href=\"https:\/\/www.fischer-stgb.de\/fischer\/wp-content\/uploads\/2017\/12\/Sexismus_-Mr.-Spacey-und-wir-_-ZEIT-ONLINE.pdf\" target=\"_blank\" rel=\"noopener noreferrer\">Text<\/a><\/li>\n\n\n\n<li>&#8222;Ein Abend in feiner Gesellschaft&#8220;, Die ZEIT Nr. 49\/2017, 30.11.2017<br><a href=\"https:\/\/www.fischer-stgb.de\/fischer\/wp-content\/uploads\/2017\/12\/095_-Hamburg-49_57295265.pdf\" target=\"_blank\" rel=\"noopener noreferrer\">Text<\/a><\/li>\n\n\n\n<li>&#8222;Im Medienrausch der Sexismusdebatte&#8220;, ZEIT-Online, 05.12.2017<br><a href=\"https:\/\/www.fischer-stgb.de\/fischer\/wp-content\/uploads\/2017\/12\/Sexualstrafrecht_-Im-Medienrausch-der-Sexismus-Debatte-_-ZEIT-ONLINE.pdf\" target=\"_blank\" rel=\"noopener noreferrer\">Text<\/a><\/li>\n\n\n\n<li>&#8222;Galgenv\u00f6gel!&#8220;, ZEIT-Online, 09.12.2017<br><a href=\"https:\/\/www.fischer-stgb.de\/fischer\/wp-content\/uploads\/2017\/12\/2017-12_-Galgenv\u00f6gel-_-ZEIT-ONLINE.pdf\" target=\"_blank\" rel=\"noopener noreferrer\">Text<\/a><\/li>\n\n\n\n<li>&#8222;Das J\u00fcngste Gericht&#8220;, ZEIT Nr. 53\/2017<br><a href=\"https:\/\/www.fischer-stgb.de\/fischer\/wp-content\/uploads\/2018\/01\/Recht-Unrecht-J\u00fcngstes-Gericht.pdf\" target=\"_blank\" rel=\"noopener noreferrer\">Text<\/a><\/li>\n\n\n\n<li>Das Sternchen-System. Anmerkungen zum Medien-&#8222;Tribunal&#8220; gegen Dieter Wedel, meedia.de, 29.01.2018<br><a href=\"http:\/\/meedia.de\/2018\/01\/29\/das-sternchen-system-thomas-fischers-zeit-kritische-anmerkungen-zum-medien-tribunal-gegen-dieter-wedel\/\" target=\"_blank\" rel=\"noopener noreferrer\">Link<\/a><\/li>\n\n\n\n<li>Kenntnisfreie &#8222;Fakten-Checker&#8220; bei &#8222;Hart aber fair&#8220;: Plasberg und Bild strapazieren das &#8222;gesunde Volksempfinden&#8220;, meedia.de, 22.02.2018<br><a href=\"http:\/\/meedia.de\/2018\/02\/22\/kenntnisfreie-fakten-checker-bei-hart-aber-fair-plasberg-und-bild-strapazierten-das-gesunde-volksempfinden\/\" target=\"_blank\" rel=\"noopener noreferrer\">Link<\/a><\/li>\n\n\n\n<li>Dieter Wedel, die ZEIT und der &#8222;Kameltester&#8220;, meedia.de, 08.03.2018<br><a href=\"http:\/\/meedia.de\/2018\/03\/08\/dieter-wedel-die-zeit-und-der-kameltester-thomas-fischer-ueber-die-selbstgerechtigkeit-eines-leitmediums\/\" target=\"_blank\" rel=\"noopener noreferrer\">Link<\/a><\/li>\n\n\n\n<li>&#8222;Hasswort: &#8222;Die Frauen&#8220;&#8220;, www.uebermedien.de, 15.03.2018<br><a href=\"https:\/\/uebermedien.de\/26205\/die-frauen\/\" target=\"_blank\" rel=\"noopener noreferrer\">Link<\/a><\/li>\n\n\n\n<li>Das &#8222;Raser&#8220;-Urteil des BGH \u2013 und die postwendende &#8222;Analysen&#8220;-Kultur von Medien und Experten, www.meedia.de, 20.03.2018<br><a href=\"http:\/\/meedia.de\/2018\/03\/20\/das-raser-urteil-des-bgh-und-die-postwendende-analysen-kultur-von-medien-und-experten\/\" target=\"_blank\" rel=\"noopener noreferrer\">Link<\/a><\/li>\n\n\n\n<li>Die ZEIT verl\u00e4uft sich auf der Suche nach dem &#8222;System Wedel&#8220;, www.uebermedien.de, 28.03.2018<br><a href=\"https:\/\/uebermedien.de\/26573\/die-zeit-verlaeuft-sich-auf-der-suche-nach-dem-system-wedel\/\" target=\"_blank\" rel=\"noopener noreferrer\">Link<\/a><\/li>\n\n\n\n<li>Abrechnung einer DLF-Autorin mit dem ZEIT-Kritiker \u2013 Der Sound, aus dem der Totalitarismus kommt, www.meedia.de, 31.03.2018<br><a href=\"http:\/\/meedia.de\/2018\/03\/31\/abrechnung-einer-deutschlandfunk-autorin-mit-dem-zeit-kritiker-der-sound-aus-dem-der-totalitarismus-kommt\/\" target=\"_blank\" rel=\"noopener noreferrer\">Link<\/a><\/li>\n\n\n\n<li>Messerangst in Mitteleuropa, www.meedia.de, 03.04.2018<br><a href=\"http:\/\/meedia.de\/2018\/04\/03\/messerangst-in-mitteleuropa-oder-warum-die-kriminalstatistik-nur-dann-nuetzlich-ist-wenn-man-sie-versteht\/\" target=\"_blank\" rel=\"noopener noreferrer\">Link<\/a><\/li>\n\n\n\n<li>Hau weg den Nafri!, oder: Moralschwalben nach St\u00fcrmerfouls im Strafraum, meedia.de, 24.4.2018<br><a href=\"https:\/\/meedia.de\/2018\/04\/24\/hau-weg-den-nafri-oder-moral-schwalben-nach-stuermer-fouls-im-strafraum-aktuelles-aus-der-welt-des-rechts\/\" target=\"_blank\" rel=\"noopener noreferrer\">Link<\/a><\/li>\n\n\n\n<li>S\u00f6der \u2013 Kippa \u2013 Echo \u2013 Unbequeme Notizen von der Au\u00dfengrenze der Abrechnungskultur, meedia.de, 1.5.2018<br><a href=\"https:\/\/meedia.de\/2018\/05\/01\/soeder-kippa-echo-unbequeme-notizen-von-der-aussengrenze-der-abrechnungskultur\/\" target=\"_blank\" rel=\"noopener noreferrer\">Link<\/a><\/li>\n\n\n\n<li>Unangenehme Unordnungen \u2013 Karl Marx, Paragraf 219a, Gewalt, spiegel-online.de, 12.5.2018<\/li>\n\n\n\n<li>Mit Absicht bestrafen \u2013 Vorsatz, Irrtum, Strafbed\u00fcrfnis, spiegel.de, 26.5.2018<\/li>\n\n\n\n<li>Deutschlandfunk, Gaby Mayr und taz auf hei\u00dfer Spur \u2013 ein Betroffenheitsst\u00fcck \u00fcber Zitate und Qualit\u00e4tsmedien, meedia.de, 1.6.2018<br><a href=\"https:\/\/meedia.de\/2018\/06\/01\/deutschlandfunk-taz-und-gaby-mayr-auf-heisser-spur-ein-betroffenheits-stueck-ueber-zitate-und-qualitaetsmedien\/\" target=\"_blank\" rel=\"noopener noreferrer\">Link<\/a><\/li>\n\n\n\n<li>Herr Gauland und die Entsorgung, spiegel-online.de, 3.6.2018<\/li>\n\n\n\n<li>Gauland, Volksverhetzung \u2013 Erwiderung auf Constantin van Lijnden, FAZ \u201eEinspruch\u201c, 19.6.2018<\/li>\n\n\n\n<li>&#8222;Angemessen, aber nicht ausreichend&#8220; \u2013 Die Medien und das Staufener Urteil, meedia.de, 09.08.2018<br><a href=\"https:\/\/meedia.de\/2018\/08\/09\/angemessen-aber-nicht-ausreichend-die-medien-und-das-staufener-urteil-oder-dr-prantls-gesundes-volksempfinden\/\" target=\"_blank\" rel=\"noopener noreferrer\">Link<\/a><\/li>\n\n\n\n<li>\u00a0Umgang mit IS-R\u00fcckkehrern \u2013 Feinde oder Beschuldigte?, Spiegel-online, 22.02.2019<br><a href=\"http:\/\/www.spiegel.de\/politik\/deutschland\/is-rueckkehrer-aus-deutschland-feinde-oder-beschuldigte-a-1254586.html\" target=\"_blank\" rel=\"noopener noreferrer\">Link<\/a><\/li>\n\n\n\n<li>\u00a0Eine Elegie \u00fcber feministische Pr\u00e4zision, meedia.de, 25.02.2019<br><a href=\"https:\/\/meedia.de\/2019\/02\/25\/eine-elegie-ueber-feministische-praezision-thomas-fischer-ueber-argumente-und-recherchen-zu-paragraf-219a\/\" target=\"_blank\" rel=\"noopener noreferrer\">Link<\/a><\/li>\n\n\n\n<li>Das Konservative, das Recht und die Hohe See, in: Michael K\u00fchnlein (Hrsg.), Konservativ?!, 2019 (Duncker &amp; Humblot, ISBN 978-3-428-15750-1)<\/li>\n\n\n\n<li>Eine Katastrophe und ihre Bew\u00e4ltigung (zum \u201eRaser\u201c-Urteil des Amtsgerichts Aachen), Aachener Zeitung \/ Aachener Nachrichten, 15.02.2020<\/li>\n\n\n\n<li>Eine notwendige Richtigstellung (zum Urteil des BVerfG zur gesch\u00e4ftsm\u00e4\u00dfigen Sterbehilfe), Spiegel-Online 26.02.2020<\/li>\n\n\n\n<li>Zum Start ins Jura-Studium, Anwaltsblatt \u2013 Karriere (DAV) 1. HJ 2020 (erscheint in K\u00fcrze)<\/li>\n\n\n\n<li>Der Notstand erzeugt einen eigenen Sog,<br>Neue Z\u00fcricher Zeitung, 6.4.2020, S. 8<br><a href=\"https:\/\/www.nzz.ch\/meinung\/coronavirus-in-deutschland-notstand-erzeugt-einen-eigenen-sog-ld.1550099\" target=\"_blank\" rel=\"noopener noreferrer\">Link<\/a><\/li>\n\n\n\n<li>Corona, Juristisch betrachtet. \u201eTriage\u201c und Schuld. Spiegel Wissen, Heft 02\/2020<\/li>\n\n\n\n<li>\u201eAushalten!\u201c. Zur Diskussion um die \u201eCorona\u201c-Demonstration in Berlin am 29. August 2020. Kommentar, Spiegel-Online, 29.08.2020.<br><a href=\"https:\/\/www.spiegel.de\/panorama\/justiz\/corrona-protest-aushalten-a-77fc803d-2e15-4877-a4e0-3123f951b184\" target=\"_blank\" rel=\"noopener noreferrer\">Link<\/a><\/li>\n\n\n\n<li>NSU-Urteilsgr\u00fcnde. Kommentar, SPIEGEL, 20.08.2021<\/li>\n\n\n\n<li>Staatsanwaltschaft Zwickau, Kommentar, SPIEGEL, 10.09.2021<\/li>\n\n\n\n<li>Geldw\u00e4sche, FIU. Kommentar, SPIEGEL, 21.09.2021<\/li>\n\n\n\n<li>MP S\u00f6der; Wahlkampf. Gastbeitrag, SPIEGEL, 24.09.2021<\/li>\n\n\n\n<li>Cannabis-Legalisierung, Kommentar, Spiegel, 15.10.2021<\/li>\n\n\n\n<li>Dritter Periodischer Sicherheitsbericht. Kommentar, SPIEGEL, 12.11.2021<\/li>\n\n\n\n<li>V\u00f6lkermord. Kommentar, SPIEGEL, 03.12.2021<\/li>\n\n\n\n<li>Gerechtigkeit, neuer Versuch. SPIEGEL, 24.06.2021<\/li>\n\n\n\n<li>NSU \u2013 Erledigt. SPIEGEL, 20.08.2021<\/li>\n\n\n\n<li>Nun wird also doch ermittelt. Na bravo. SPIEGEL, 10.09.2021<\/li>\n\n\n\n<li>Dringende Ermittlungsma\u00dfnahmen. SPIEGEL, 21.109.2021<\/li>\n\n\n\n<li>O je! Ein Scherz! SPIEGEL, 24.09.2021<\/li>\n\n\n\n<li>Recht auf Rausch. SPIEGEL, 15.10,.2021<\/li>\n\n\n\n<li>Das Periodensystem der Sicherheit. SPIEGEL, 190.11.2021<\/li>\n\n\n\n<li>V\u00f6lkermord, \u00fcberall. SPIEGEL, 03.12.2021<\/li>\n\n\n\n<li>Ein \u201eFuck\u201c macht noch keine Geschichte. SPIEGEL, 18.12.2021<\/li>\n\n\n\n<li>Urteil ohne Richter. SPIEGEL, 24.12.2021<\/li>\n\n\n\n<li>Gleiches und Ungleiches. SPIEGEL, 08.01.2022<\/li>\n\n\n\n<li>Du sollst Dich impfen lassen. SPIEGEL, 18.01.2022<\/li>\n\n\n\n<li>Hoppla, die Portokasse! SPIEGEL, 21.01.2022<\/li>\n\n\n\n<li>Kath. Kirche: L\u00fcgende P\u00e4pste, ehrliche Welt. SPIEGEL, 09.02.2022<\/li>\n\n\n\n<li>Schon wieder 1914. SPIEGEL, 27.02.2022<\/li>\n\n\n\n<li>Scholz hat Recht, SPIEGEL, 06.05.2022<\/li>\n\n\n\n<li>Unser Krieg: Nur die Wahrheit. SPIEGEL, 01.04.2022<\/li>\n\n\n\n<li>Irrtum und Schuld, SPIEGEL, 16.04.2022<\/li>\n\n\n\n<li>Eingebettete Meinungen. Ukrainekrieg und Propaganda, SPIEGEL, 06.05.2022<\/li>\n\n\n\n<li>Debattenkultur: Leberwurst, beleidigte!, SPIEGEL, 13.05.2022<\/li>\n\n\n\n<li>Werbeverbot f\u00fcr Abtreibungen: Schlacht im Niemandsland., SPIEGEL, 20.05.2022<\/li>\n\n\n\n<li>Sollte Schwarzfahren weiter bestraft werden?, Legal Tribune Online, 23.05.2022<\/li>\n\n\n\n<li>Ukrainekrieg: Eine neue Weltordnung, SPIEGEL, 27.05.2022<\/li>\n\n\n\n<li>Ist das \u201eJudensau\u201c-Relief in Wittenberg eine Beleidigung?, Legal Tribune Online, 06.06.2022<\/li>\n\n\n\n<li>\u201eStra\u00dfenblockierer und Museumsrandalierer h\u00e4rter bestrafen\u201c \u2013 Deutscher Bundestag, Rechtsausschuss, Sachverst\u00e4ndigen-Anh\u00f6rung 18.01.2023 <br><a href=\"https:\/\/www.bundestag.de\/resource\/blob\/929452\/ae6fc4bf5d5c3e7d9b7fe2ff6aab4650\/Stellungnahme-Fischer-data.pdf\" target=\"_blank\" rel=\"noopener\">Link<\/a><\/li>\n<\/ol>\n\n\n\n<h3 class=\"wp-block-heading\" id=\"Herausgeberschaft\">VII. Herausgeberschaft<\/h3>\n\n\n\n<ol class=\"wp-block-list\">\n<li>Seit 2001: Mitherausgeber \u201eNeue Zeitschrift f\u00fcr Strafrecht\u201c (NStZ)<\/li>\n\n\n\n<li>Fischer\/Bernsmann (Hrsg.), Festschrift f\u00fcr Ruth Rissing-van Saan, 2011<\/li>\n\n\n\n<li>Seit Januar 2015: Mitherausgeber: \u201eMedizinstrafrecht\u201c (medstra)<\/li>\n\n\n\n<li>Fischer \/ Hoven u.a. (Hrsg.), Schaden. Dogmatische und praktische Probleme des Verm\u00f6gensschadens im Strafrecht,<br>Tagungsband, 2015, NOMOS-Verlang Baden-Baden<br>(Bd. 1 der Schriftenreihe: Baden-Badener Strafrechtsgespr\u00e4che, Hrsg. von Thomas Fischer und Elisa Hoven)<\/li>\n\n\n\n<li>Fischer \/ Hoven (Hrsg.), Verdacht<br>Tagungsband, 2016, NOMOS-Verlag Baden-Baden<br>(Bd. 2 der Schriftenreihe: Baden-Badener Strafrechtsgespr\u00e4che, Hrsg. von Thomas Fischer und Elisa Hoven)<\/li>\n\n\n\n<li>Fischer \/ Hoven (Hrsg.), Schuld<br>Tagungsband, 2017, NOMOS-Verlag Baden-Baden<br>(Bd. 3 der Schriftenreihe: Baden-Badener Strafrechtsgespr\u00e4che, Hrsg. von Thomas Fischer und Elisa Hoven)<\/li>\n\n\n\n<li>Barton\/Fischer\/Jahn\/Park (Hrsg.), Festschrift f\u00fcr Reinhold Schlothauer zum 70. Geburtstag, 2018<\/li>\n\n\n\n<li>Fischer (Hrsg.), Beweis.<br>Tagungsband 2018, NOMOS Verlag Baden-Baden, 2019<br>(Bd. 4 der Schriftenreihe: Baden-Badener Strafrechtsgespr\u00e4che, Hrsg. von Thomas Fischer)<\/li>\n\n\n\n<li>Fischer\/Hilgendorf (Hrsg.), Gefahr.<br>Tagungsband 2019, NOMOS Verlag Baden-Baden 2020<br>(Bd. 5 der Schriftenreihe: Baden-Badener Strafrechtsgespr\u00e4che, Hrsg. von Thomas Fischer).<\/li>\n<\/ol>\n\n\n\n<h3 class=\"wp-block-heading\" id=\"Interviews\">VIII. Interviews \/ Vortr\u00e4ge (Auswahl)<\/h3>\n\n\n\n<ol class=\"wp-block-list\">\n<li>\u201eNeugier gen\u00fcgt\u201c<br>Interview H\u00f6rfunk WDR5 (43 Min.), 29.08.2014<\/li>\n\n\n\n<li>\u00a012.01.2015 \u2013 GALORE.de \u2013 \u201eAls Richter schadet es nicht, zu wissen, wie die Gosse aussieht.\u201c<br><a href=\"https:\/\/www.fischer-stgb.de\/fischer\/wp-content\/uploads\/2016\/09\/2015_01_12_galore.de_interviews_print_people_thomas-fischer_12_01_2015.pdf\" target=\"_blank\" rel=\"noopener noreferrer\">Interview<\/a><\/li>\n\n\n\n<li>\u201eJura ist leicht\u201c (Interview),<br>ZEIT Campus, 2014, Heft 6, S. 63\/64<br><a href=\"https:\/\/www.fischer-stgb.de\/fischer\/wp-content\/uploads\/2015\/11\/zeitcampus_2014_06_0063.pdf\" target=\"_blank\" rel=\"noopener noreferrer\">Interview<\/a><\/li>\n\n\n\n<li>23.04.2015 \u2013 TAZ \u2013 \u201eIch bin f\u00fcr eine \u00d6ffnung der Sterbehilfe\u201c<br><a href=\"https:\/\/www.fischer-stgb.de\/fischer\/wp-content\/uploads\/2016\/09\/2015_04_22_TAZ_22.04.2015_Sterbehilfe.pdf\" target=\"_blank\" rel=\"noopener noreferrer\">Interview<\/a><\/li>\n\n\n\n<li>TV-Interview \u201ejurapol\u201c, August 2015<br><a href=\"https:\/\/www.youtube.com\/watch?v=3jbYnSAfS1k\" target=\"_blank\" rel=\"noopener noreferrer\">Youtube<\/a><\/li>\n\n\n\n<li>Interview \u201eSWR 1 \u2013 Leute\u201c, 6. August 2015<br><a href=\"http:\/\/www.ardmediathek.de\/tv\/Leute-night\/Prof-Dr-Thomas-Fischer-Streitbarer-Ri\/SWR-Fernsehen\/Video?bcastId=8758476&amp;documentId=30114748\" target=\"_blank\" rel=\"noopener noreferrer\">ARD Mediathek<\/a><\/li>\n\n\n\n<li>\u201eIm Gespr\u00e4ch\u201c (mit Sabine R\u00fcckert und Jochen Wegner), Radial-System Berlin, 19.10.2015 (ZEIT-Video)<\/li>\n\n\n\n<li>Rechtsgespr\u00e4ch: Sterbehilfe, ZRP 2015, S. 219-221 (Heft 7\/2015)<\/li>\n\n\n\n<li>\u201eLegitimatorischer Lack\u201c, Interview, Hintergrund, Heft 3\/2016<\/li>\n\n\n\n<li>\u201eLanz\u201c, 03.03.2016, ZDF<\/li>\n\n\n\n<li>13.10.2015 \u2013 Der Standard, Wien \u2013 Strafjustiz: \u201eWegsperren und Angst erzeugen\u201c<br><a href=\"https:\/\/www.fischer-stgb.de\/fischer\/wp-content\/uploads\/2016\/09\/2015_10_13_Der-Standard-Wien-13.10.2015.pdf\" target=\"_blank\" rel=\"noopener noreferrer\">Interview<\/a><\/li>\n\n\n\n<li>Zehn Fragen zur Sterbehilfe,<br>Interview. Vorg\u00e4nge 2015 , Heft 210\/211, S. 105-110<\/li>\n\n\n\n<li>Interview: Paragraf 252 StPO und Vorlage an den Gro\u00dfen Senat f\u00fcr Strafsachen.<br>NJW\u00a0aktuell\u00a02015<\/li>\n\n\n\n<li>14.08.2016, Interview: Deutschlandfunk<\/li>\n\n\n\n<li>05.2016 \u2013 Fachbuchjournal, Heft 05\/2016, S. 12 ff. \u2013 \u201eAufkl\u00e4rung, Erhellung, \u00fcberraschende Zusammenh\u00e4nge\u201c<br><a href=\"https:\/\/www.fischer-stgb.de\/fischer\/wp-content\/uploads\/2015\/11\/2016_05_Fachbuchjournal.pdf\" target=\"_blank\" rel=\"noopener noreferrer\">Interview<\/a><\/li>\n\n\n\n<li>25.02.2016 \u2013 STERN \u2013 \u201eDie Menschen f\u00fchlen sich zu Recht verraten\u201c<br><a href=\"https:\/\/www.fischer-stgb.de\/fischer\/wp-content\/uploads\/2016\/09\/2016_02_25_STERN_Nr.-9_25.02.2016_Bundesrichter-Fischer.pdf\" target=\"_blank\" rel=\"noopener noreferrer\">Interview<\/a><\/li>\n\n\n\n<li>04.06.2016 \u2013 BNN \u2013 \u201eDa herrscht zum Teil eine irrationale Angst\u201c<br><a href=\"http:\/\/www.fischer-stgb.de\/fischer\/wp-content\/uploads\/2016\/09\/2016_06_04_BNN-04.06.2016-Interview.pdf\" target=\"_blank\" rel=\"noopener noreferrer\">Interview<\/a><\/li>\n\n\n\n<li>12.07.2016 \u2013 STUTTGARTER ZEITUNG \u2013 Ein Mann im Recht<br><a href=\"https:\/\/www.fischer-stgb.de\/fischer\/wp-content\/uploads\/2016\/09\/2016_07_12_Stuttgarter-Zeitung-12.07.2016-_-H.-Lorenz.pdf\" target=\"_blank\" rel=\"noopener noreferrer\">Interview<\/a><\/li>\n\n\n\n<li>24.08.2016 \u2013 Hannoversche Allgemeine Zeitung \u2013 Im Namen des Volkes?<br><a href=\"https:\/\/www.fischer-stgb.de\/fischer\/wp-content\/uploads\/2016\/09\/2016_08_24_Hannoversche_Allgemeine_Zeitung_Im_Namen_des_Volkes_24_08_2016.pdf\" target=\"_blank\" rel=\"noopener noreferrer\">Interview<\/a><\/li>\n\n\n\n<li>24.09.2016 \u2013 MITTELBADISCHE PRESSE \u2013 \u201eDie Alternative w\u00e4re ein R\u00fcckfall in Gewalt\u201c<br><a href=\"https:\/\/www.fischer-stgb.de\/fischer\/wp-content\/uploads\/2016\/09\/2016_09_24_Meinungsfreiheit_-Mittelbadische-Zeitung-Offenburg-24.09.2016.pdf\" target=\"_blank\" rel=\"noopener noreferrer\">Interview<\/a><\/li>\n\n\n\n<li>25.09.2016 \u2013 Nachrichten der Ortenau \u2013 \u201eDummheit und Hass sind keine Erfindung des Internets\u201c<br><a href=\"https:\/\/www.fischer-stgb.de\/fischer\/wp-content\/uploads\/2015\/11\/24_09_2016_Dummheit_und_Hass.pdf\" target=\"_blank\" rel=\"noopener noreferrer\">Interview<\/a><\/li>\n\n\n\n<li>\u201ePhoenix\u201c, 17.10.2016: Kriminalit\u00e4t und Strafjustiz<\/li>\n\n\n\n<li>31.10.2016 \u2013 Legal Tribune Online \u2013\u00a0\u201eWir erleben eine Moralisierung des Rechts\u201c<br><a href=\"https:\/\/www.fischer-stgb.de\/fischer\/wp-content\/uploads\/2015\/11\/31_10_2016_-Sexualstrafrecht.pdf\" target=\"_blank\" rel=\"noopener noreferrer\">Interview<\/a><\/li>\n\n\n\n<li>&#8222;Nachtcaf\u00e9\u201c (SWR), 02.12.2016<\/li>\n\n\n\n<li>NDR, 27.01.2017, Thomas Fischer im Gespr\u00e4ch, \u201eKlassik \u00e0 la carte\u201c<\/li>\n\n\n\n<li>ZEIT-online Video: Die lange Nacht der Zeit, Thomas Fischer im Gespr\u00e4ch mit Sabine R\u00fcckert und Stephan Lebert, 13.05.2017<br><a href=\"http:\/\/www.zeit.de\/video\/2017-05\/5435878554001\/die-lange-nacht-der-zeit-fischer-im-recht-ein-gespraech-mit-deutschlands-bekanntestem-strafrichter-thomas-fischer\" target=\"_blank\" rel=\"noopener noreferrer\">Video<\/a><\/li>\n\n\n\n<li>17.02.2017 \u2013 meedia.de \u2013 \u201eIch bin noch nicht wirklich davon \u00fcberzeugt, dass ich jemals sterben werde\u201c, Zeit-Online-Kolumnist Thomas Fischer, Interview von Christopher Lesko<br><a href=\"http:\/\/meedia.de\/2017\/02\/17\/zeit-kolumnist-thomas-fischer-ich-bin-noch-nicht-wirklich-davon-ueberzeugt-dass-ich-jemals-sterben-werde\/\" target=\"_blank\" rel=\"noopener noreferrer\">Interview<\/a><\/li>\n\n\n\n<li>21.03.2017 \u2013 meedia.de \u2013 Fischer, Frauen und die taz: Thomas Fischer zur Geschichte eines gescheiterten Interviews.<br><a href=\"http:\/\/meedia.de\/2017\/03\/21\/fischer-frauen-und-die-taz-thomas-fischer-zur-geschichte-eines-gescheiterten-interviews\/\" target=\"_blank\" rel=\"noopener noreferrer\">Interview<\/a><\/li>\n\n\n\n<li>ZEIT-online Video: Die lange Nacht der Zeit, Thomas Fischer im Gespr\u00e4ch mit Sabine R\u00fcckert und Stephan Lebert, 13.05.2017<br><a href=\"http:\/\/www.zeit.de\/video\/2017-05\/5435878554001\/die-lange-nacht-der-zeit-fischer-im-recht-ein-gespraech-mit-deutschlands-bekanntestem-strafrichter-thomas-fischer\" target=\"_blank\" rel=\"noopener noreferrer\">Video<\/a><\/li>\n\n\n\n<li>ZDF\/Phoenix, Mediathek \u201ePeter Hahne\u201c, Sendung vom 3. Juli 2017<\/li>\n\n\n\n<li>06.07.2017 \u2013 der Freitag \u2013 \u201eMein Traum ist nicht, Kolumnist der Bild zu sein\u201c<br><a href=\"https:\/\/www.fischer-stgb.de\/fischer\/wp-content\/uploads\/2015\/11\/Der-Freitag-Nr.-17-2017-Interview.pdf\" target=\"_blank\" rel=\"noopener noreferrer\">Interview<\/a><\/li>\n\n\n\n<li>20.08.2017 \u2013 ZEIT Wissen Nr. 5\/2017, S. 36-43: \u201eWie geht es dem Recht, Herr Richter?\u201c<br><a href=\"https:\/\/www.fischer-stgb.de\/fischer\/wp-content\/uploads\/2015\/11\/Zeit-Wissen-2017-05.pdf\" target=\"_blank\" rel=\"noopener noreferrer\">Interview<\/a><\/li>\n\n\n\n<li>04.09.2017 \u2013 Junge Welt, S. 8: \u201eEs ist die \u00fcbliche Alarmliteratur\u201c \u2013 Jens Gnisas Buch \u00fcber \u201eDas Ende der Gerechtigkeit\u201c<\/li>\n\n\n\n<li>\u201eJura ist leicht, aber auch saum\u00e4\u00dfig schwer\u201c, \u201eAd Legendum\u201c, Studentische Rechtszeitschrift, Universit\u00e4t M\u00fcnster, Heft 04\/2017, S. 344-352<br><a href=\"https:\/\/www.fischer-stgb.de\/fischer\/wp-content\/uploads\/2017\/11\/Fischer-AL-2017-344-352.pdf\" target=\"_blank\" rel=\"noopener noreferrer\">Interview<\/a><\/li>\n\n\n\n<li>31.03.2018 \u2013 www.behmannsblog.de: \u201eVersuch einer Vernichtung\u201c<br><a href=\"https:\/\/behmannsblog.de\/2018\/03\/31\/versuch-einer-vernichtung-interview-mit-thomas-fischer\/\" target=\"_blank\" rel=\"noopener noreferrer\">Interview<\/a><\/li>\n\n\n\n<li>Zur gerichtlichen Bedeutung von Compliance-Management-Systemen, in: comply Heft 02\/2018, S. 28 \u2013 31.<br><a href=\"https:\/\/www.fischer-stgb.de\/fischer\/wp-content\/uploads\/2018\/08\/Comply-02-2018-Interview.pdf\" target=\"_blank\" rel=\"noopener noreferrer\">Interview<\/a><\/li>\n\n\n\n<li>Theater Konstanz: \u201eEingeschenkt\u201c, 4. Juli 2018 (Video)<\/li>\n\n\n\n<li>Kriminalit\u00e4t junger M\u00e4nner, Avenue \u2013 Magazin f\u00fcr Wissenskultur, Basel (Juli 2018);\u00a0Heft 06\/2018, S. 66-71)<br><a href=\"https:\/\/www.fischer-stgb.de\/fischer\/wp-content\/uploads\/2018\/08\/Avenue-06-2018-Interview.pdf\" target=\"_blank\" rel=\"noopener noreferrer\">Interview<\/a><\/li>\n\n\n\n<li>30.10. 2018: SWR2 H\u00f6rfunk<\/li>\n\n\n\n<li>08.11.2018: SWR3<\/li>\n\n\n\n<li>17.11.2018: WDR2<\/li>\n\n\n\n<li>\u201eUnterschichtjustiz lebt\u201c \u2013 Der Freitag, 04.02.2019<br><a href=\"https:\/\/www.freitag.de\/autoren\/jan-c-behmann\/40-tagessaetze-fuer-den-weltuntergang\" target=\"_blank\" rel=\"noopener noreferrer\">Interview<\/a><\/li>\n\n\n\n<li>S\u00fcdkurier, 4.3.2019: \u201eWir m\u00fcssen mit gef\u00e4hrlichen Menschen leben\u201c<br><a href=\"https:\/\/www.suedkurier.de\/ueberregional\/politik\/Wir-muessen-mit-gefaehrlichen-Menschen-leben;art410924,10070910\" target=\"_blank\" rel=\"noopener noreferrer\">Interview<\/a><\/li>\n\n\n\n<li>28 Fragen, in: Betrifft: justiz, M\u00e4rz 2019<\/li>\n\n\n\n<li>Der Freitag: Fragebogen, 18. Juli 2019<br><a href=\"https:\/\/www.freitag.de\/autoren\/der-freitag\/der-kommunismus-ist-63\" target=\"_blank\" rel=\"noopener noreferrer\">Interview<\/a><\/li>\n\n\n\n<li>Der Freitag: 23.09.2019: Das falsche Zeichen. Wo h\u00f6rt Meinungsfreiheit auf und wo f\u00e4ngt Hate Speech an?<br><a href=\"https:\/\/www.freitag.de\/autoren\/jan-c-behmann\/die-beschlussgruende-sind-nicht-ueberzeugend\" target=\"_blank\" rel=\"noopener noreferrer\">Interview<\/a><\/li>\n\n\n\n<li>freiheit.org: \u201eStrafprozess hat auch eine symbolische Funktion\u201c. Hambacher Symposium, 30.09.2019<br><a href=\"https:\/\/www.freiheit.org\/hambacher-symposium-der-strafprozess-hat-auch-eine-symbolische-bedeutung\" target=\"_blank\" rel=\"noopener noreferrer\">Interwiev<\/a><\/li>\n\n\n\n<li>Auf ein Wort \u2013 Strafe (Michel Friedmann), 04.10.2019 (42 Min). Deutsche Welle: DW-Mediathek<br><a href=\"https:\/\/www.youtube.com\/watch?v=v02nfs30w80\" target=\"_blank\" rel=\"noopener noreferrer\">Interview<\/a><\/li>\n\n\n\n<li>\u00dcber Wahrheit, virtuelle Welten und \u00f6ffentlich ertr\u00e4gliche Fantasien. Blog: Rechtverblueffend, M\u00fcnchen, 22.8.2020<br><a href=\"https:\/\/www.rechtverblueffend.com\/post\/thomas-fischer-%C3%BCber-wahrheit-virtuelle-welten-und-%C3%B6ffentlich-ertr%C3%A4gliche-fantasien\" target=\"_blank\" rel=\"noopener noreferrer\">Interview<\/a><\/li>\n\n\n\n<li>Richter Klartext. Schw\u00e4bische Zeitung, 28.08.2020, S. 3; Augsburger Allgemeine<br><a href=\"https:\/\/www.schwaebische.de\/sueden\/baden-wuerttemberg_artikel,-wie-thomas-fischer-bundesrichter-wurde-und-warum-er-keine-furcht-vor-gegenwind-hat-_arid,11262734.html\" target=\"_blank\" rel=\"noopener noreferrer\">Interview<\/a><\/li>\n\n\n\n<li>Podcast \u201eSag\u2019s Pauly\u201c (Schw\u00e4bische Zeitung, Interview-Podcast), <br>erster Teil 18.10.2020, zweiter Teil 01.11.2020<br><a href=\"https:\/\/www.schwaebische.de\/sonstiges\/podcasts\/sags-pauly_podcastid,392.html\" target=\"_blank\" rel=\"noopener\">Podcast<\/a><\/li>\n\n\n\n<li>Vorsicht Behmann! (Youtube-Kanal Jan C. Behmann): \u00dcber Sterbehilfe, \u00a7 217 StGB, \u201eGott\u201c von Ferdinand von Schirach, 08.11.2020<\/li>\n\n\n\n<li>Sterbehilfe \u2013 Auf dem Weg zu einem rechtlichen Rahmen?<br>Friedrich Naumann-Stiftung, Karlsruher Verfassungsdialog 14.11.2020, Impulsreferat<\/li>\n\n\n\n<li>Freie Presse Sachsen, Interview zur T\u00e4tigkeit als Strafverteidiger, 15.04.2021<\/li>\n\n\n\n<li>Komische Oper Berlin<\/li>\n\n\n\n<li>WDR 5, \u201eNeugier gen\u00fcgt\u201c, 14.06.2022: Zum Rechtsstreit um die \u201eJudensau\u201c-Plastik an der Stadtkirche Wittenberg<\/li>\n\n\n\n<li>Interview: \u201eDie T\u00e4ter nehmen Unbeteiligte als Geiseln\u201c (Strafbarkeit von Blockadeaktionen), \u201estern\u201c, 17.05.2023, S. 28-30.<\/li>\n\n\n\n<li>Vortrag: \u201eDie Wahrheit vor Gericht\u201c &#8211; Wahrheit als strafrechtliches Konzept, Karlsruher Institut f\u00fcr Technologie (KIT), Colloquium Fundamentale: Was ist Wahrheit? Ann\u00e4herung an ein umstrittenes Konzept, 11.05.2023 (Videoaufzeichnung KIT; YouTube).<\/li>\n\n\n\n<li>Interview: Podcast \u201eDes Pudels Kern\u201d, Staffel 3, Folge 6: \u201eSchuld\u201c, M\u00e4rz 2024; www.despudelskern.com \/ WDR3<\/li>\n<\/ol>\n\n\n\n<h3 class=\"wp-block-heading\" id=\"Podcasts\">IX. Podcast<\/h3>\n\n\n\n<p>\u201eSprechen wir \u00fcber Mord?\u201c, True-Crime-Podcast, SWR Kultur, zusammen mit Holger Schmidt (seit Februar 2020, zweiw\u00f6chentlich montags)<\/p>\n\n\n\n<p>Sonderfolgen:<\/p>\n\n\n\n<ul class=\"wp-block-list\">\n<li>Hitchcock-Filme (2020)<\/li>\n\n\n\n<li>Berlin Babylon (2021, mit Volker Kutscher)<\/li>\n\n\n\n<li>Wagner, Nibelungen (2022, mit Dr. Angela Merkel)<\/li>\n\n\n\n<li>Verbrechen in Popsongs (mit Christiane Falk)<\/li>\n\n\n\n<li>Schuldf\u00e4higkeit (mit dem forensischen Psychiater Dr. Peter Winckler (\u271d), 2023\/ 2024<\/li>\n<\/ul>\n\n\n\n<p><a href=\"https:\/\/www.swr.de\/swr2\/leben-und-gesellschaft\/podcast-sprechen-wir-ueber-mord-100.html\" target=\"_blank\" rel=\"noopener noreferrer\">Podcast<\/a><\/p>\n\n\n\n<figure class=\"wp-block-image\"><img loading=\"lazy\" decoding=\"async\" width=\"480\" height=\"480\" src=\"https:\/\/www.fischer-stgb.de\/fischer\/wp-content\/uploads\/2022\/06\/Bild1.jpg\" alt=\"\" class=\"wp-image-522\" srcset=\"https:\/\/www.fischer-stgb.de\/fischer\/wp-content\/uploads\/2022\/06\/Bild1.jpg 480w, https:\/\/www.fischer-stgb.de\/fischer\/wp-content\/uploads\/2022\/06\/Bild1-300x300.jpg 300w, https:\/\/www.fischer-stgb.de\/fischer\/wp-content\/uploads\/2022\/06\/Bild1-150x150.jpg 150w\" sizes=\"auto, (max-width: 480px) 100vw, 480px\" \/><\/figure>\n\n\n\n<p><\/p>\n\n\n\n<p><\/p>\n","protected":false},"excerpt":{"rendered":"<p>I. Monographien &nbsp;II. Kommentare III. Aufs\u00e4tze und Buchbeitr\u00e4ge IV. Urteilsanmerkungen V. Rezensionen VI. Sonstige Ver\u00f6ffentlichungen 1. Die Kolumnen Regelm\u00e4\u00dfige Kolumnen sind erschienen bzw. erscheinen bei 2. Sonstiges VII. Herausgeberschaft VIII. Interviews \/ Vortr\u00e4ge (Auswahl) IX. Podcast \u201eSprechen wir \u00fcber Mord?\u201c, True-Crime-Podcast, SWR Kultur, zusammen mit Holger Schmidt (seit Februar 2020, zweiw\u00f6chentlich montags) Sonderfolgen: Podcast<\/p>\n","protected":false},"author":1,"featured_media":0,"parent":0,"menu_order":0,"comment_status":"closed","ping_status":"closed","template":"","meta":{"footnotes":""},"class_list":["post-353","page","type-page","status-publish","hentry"],"_links":{"self":[{"href":"https:\/\/www.fischer-stgb.de\/fischer\/wp-json\/wp\/v2\/pages\/353","targetHints":{"allow":["GET"]}}],"collection":[{"href":"https:\/\/www.fischer-stgb.de\/fischer\/wp-json\/wp\/v2\/pages"}],"about":[{"href":"https:\/\/www.fischer-stgb.de\/fischer\/wp-json\/wp\/v2\/types\/page"}],"author":[{"embeddable":true,"href":"https:\/\/www.fischer-stgb.de\/fischer\/wp-json\/wp\/v2\/users\/1"}],"replies":[{"embeddable":true,"href":"https:\/\/www.fischer-stgb.de\/fischer\/wp-json\/wp\/v2\/comments?post=353"}],"version-history":[{"count":61,"href":"https:\/\/www.fischer-stgb.de\/fischer\/wp-json\/wp\/v2\/pages\/353\/revisions"}],"predecessor-version":[{"id":568,"href":"https:\/\/www.fischer-stgb.de\/fischer\/wp-json\/wp\/v2\/pages\/353\/revisions\/568"}],"wp:attachment":[{"href":"https:\/\/www.fischer-stgb.de\/fischer\/wp-json\/wp\/v2\/media?parent=353"}],"curies":[{"name":"wp","href":"https:\/\/api.w.org\/{rel}","templated":true}]}}